{"id":111,"date":"2018-09-14T13:42:26","date_gmt":"2018-09-14T13:42:26","guid":{"rendered":"https:\/\/12ape.org\/wp2\/?page_id=111"},"modified":"2023-01-17T13:54:41","modified_gmt":"2023-01-17T13:54:41","slug":"organizacion","status":"publish","type":"page","link":"https:\/\/12ape.org\/wp2\/organizacion\/","title":{"rendered":"ORGANIZACI\u00d3N"},"content":{"rendered":"\t\t<div class=\"elementor elementor-111\">\n\t\t\t<div class=\"elementor-inner\">\n\t\t\t\t<div class=\"elementor-section-wrap\">\n\t\t\t\t\t\t\t<section data-id=\"7efa7aa\" class=\"elementor-element elementor-element-7efa7aa elementor-section-boxed elementor-section-height-default elementor-section-height-default elementor-section elementor-top-section\" data-settings=\"{&quot;background_background&quot;:&quot;classic&quot;}\" data-element_type=\"section\">\n\t\t\t\t\t\t<div class=\"elementor-container elementor-column-gap-default\">\n\t\t\t\t<div class=\"elementor-row\">\n\t\t\t\t<div data-id=\"66f50a47\" class=\"elementor-element elementor-element-66f50a47 elementor-column elementor-col-100 elementor-top-column\" data-element_type=\"column\">\n\t\t\t<div class=\"elementor-column-wrap elementor-element-populated\">\n\t\t\t\t\t<div class=\"elementor-widget-wrap\">\n\t\t\t\t<div data-id=\"24f89690\" class=\"elementor-element elementor-element-24f89690 elementor-widget elementor-widget-heading\" data-element_type=\"heading.default\">\n\t\t\t\t<div class=\"elementor-widget-container\">\n\t\t\t<h2 class=\"elementor-heading-title elementor-size-default\">Organizaci\u00f3n<\/h2>\t\t<\/div>\n\t\t\t\t<\/div>\n\t\t\t\t<div data-id=\"1c0746e3\" class=\"elementor-element elementor-element-1c0746e3 elementor-widget elementor-widget-text-editor\" data-element_type=\"text-editor.default\">\n\t\t\t\t<div class=\"elementor-widget-container\">\n\t\t\t\t\t<div class=\"elementor-text-editor elementor-clearfix\"><p>Para cumplir con los objetivos de la Pastoral Educativa, la Provincia contar\u00e1 con los siguientes organismos:<\/p><ul><li>La Coordinaci\u00f3n de la Pastoral Educativa<\/li><\/ul><p>Pertenecen a La Coordinaci\u00f3n de la Pastoral Educativa todos los Colegios de la Provincia, representados por sus Directores y son los siguientes:<\/p><ul><li>Colegio San Francisco de As\u00eds \u2013 Cusco<\/li><li>Colegio San Francisco de As\u00eds \u2013 Arequipa<\/li><li>Colegio Franciscano San Rom\u00e1n \u2013 Juliaca<\/li><li>Colegio Santa Clara \u2013 Arequipa<\/li><li>Colegio San Francisco de As\u00eds \u2013 Mollendo<\/li><li>Colegio San Francisco de As\u00eds \u2013 Tacna<\/li><li>Colegio Peruano Chino Juan XXIII \u2013 Lima<\/li><li>Hogar San Antonio \u2013 Piura<\/li><li>Colegio Santa Maria de Jesus \u2013 Comas Lima<\/li><li>Colegio T\u00e9cnico Peruano Chino San Francisco de As\u00eds \u2013 Huayc\u00e1n<\/li><li>CETPRO San Jos\u00e9 Obrero \u2013 Arequipa<\/li><\/ul><\/div>\n\t\t\t\t<\/div>\n\t\t\t\t<\/div>\n\t\t\t\t<div data-id=\"ce67b29\" class=\"elementor-element elementor-element-ce67b29 elementor-widget elementor-widget-heading\" data-element_type=\"heading.default\">\n\t\t\t\t<div class=\"elementor-widget-container\">\n\t\t\t<h2 class=\"elementor-heading-title elementor-size-default\">DIRECTORES Y PROMOTORES DE LOS COLEGIOS 2022<\/h2>\t\t<\/div>\n\t\t\t\t<\/div>\n\t\t\t\t<div data-id=\"5d4b274\" class=\"elementor-element elementor-element-5d4b274 elementor-widget elementor-widget-html\" data-element_type=\"html.default\">\n\t\t\t\t<div class=\"elementor-widget-container\">\n\t\t\t<iframe loading=\"lazy\" src=\"https:\/\/12ape.org\/wp2\/wp-content\/uploads\/2023\/01\/COLEGIOS-DE-LA-PROVINCIA-FRANCISCANA-DE-LOS-XII-APOSTOLES-DEL-PERU-ene2023.pdf\" width=\"640\" height=\"620\"><\/iframe>\t\t<\/div>\n\t\t\t\t<\/div>\n\t\t\t\t<div data-id=\"6e3f457\" class=\"elementor-element elementor-element-6e3f457 elementor-widget elementor-widget-heading\" data-element_type=\"heading.default\">\n\t\t\t\t<div class=\"elementor-widget-container\">\n\t\t\t<h2 class=\"elementor-heading-title elementor-size-default\">ANIMADORES DE LA PASTORAL EDUCATIVA 2022<\/h2>\t\t<\/div>\n\t\t\t\t<\/div>\n\t\t\t\t<div data-id=\"471b8a3\" class=\"elementor-element elementor-element-471b8a3 elementor-widget elementor-widget-html\" data-element_type=\"html.default\">\n\t\t\t\t<div class=\"elementor-widget-container\">\n\t\t\t<iframe loading=\"lazy\" src=\"https:\/\/12ape.org\/wp2\/wp-content\/uploads\/2023\/01\/ANIMADORES-DE-LOS-COLEGIOS-DE-LA-PROVINCIA-FRANCISCANA-DE-LOS-XII-APOSTOLES-DEL-PERU-ene2023.pdf\" width=\"640\" height=\"620\"><\/iframe>\t\t<\/div>\n\t\t\t\t<\/div>\n\t\t\t\t<div data-id=\"5b953b7\" class=\"elementor-element elementor-element-5b953b7 elementor-widget elementor-widget-heading\" data-element_type=\"heading.default\">\n\t\t\t\t<div class=\"elementor-widget-container\">\n\t\t\t<h2 class=\"elementor-heading-title elementor-size-default\">DIRECTORIO DE LOS COLEGIOS<\/h2>\t\t<\/div>\n\t\t\t\t<\/div>\n\t\t\t\t<div data-id=\"093c883\" class=\"elementor-element elementor-element-093c883 elementor-widget elementor-widget-html\" data-element_type=\"html.default\">\n\t\t\t\t<div class=\"elementor-widget-container\">\n\t\t\t<iframe loading=\"lazy\" src=\"https:\/\/12ape.org\/wp2\/wp-content\/uploads\/2021\/11\/Colegios-XII-Apostoles-2021.pdf\" width=\"640\" height=\"620\"><\/iframe>\t\t<\/div>\n\t\t\t\t<\/div>\n\t\t\t\t<div data-id=\"46793849\" class=\"elementor-element elementor-element-46793849 elementor-widget elementor-widget-heading\" data-element_type=\"heading.default\">\n\t\t\t\t<div class=\"elementor-widget-container\">\n\t\t\t<h2 class=\"elementor-heading-title elementor-size-default\">\u201cHermanos evangelizadores y misioneros en dialogo, en medio de nuestro pueblo, con la alegr\u00eda del evangelio\u201d<\/h2>\t\t<\/div>\n\t\t\t\t<\/div>\n\t\t\t\t\t\t<\/div>\n\t\t\t<\/div>\n\t\t<\/div>\n\t\t\t\t\t\t<\/div>\n\t\t\t<\/div>\n\t\t<\/section>\n\t\t\t\t<section data-id=\"12f406d\" class=\"elementor-element elementor-element-12f406d elementor-section-boxed elementor-section-height-default elementor-section-height-default elementor-section elementor-top-section\" data-element_type=\"section\">\n\t\t\t\t\t\t<div class=\"elementor-container elementor-column-gap-default\">\n\t\t\t\t<div class=\"elementor-row\">\n\t\t\t\t<div data-id=\"dd633a7\" class=\"elementor-element elementor-element-dd633a7 elementor-column elementor-col-100 elementor-top-column\" data-element_type=\"column\">\n\t\t\t<div class=\"elementor-column-wrap\">\n\t\t\t\t\t<div class=\"elementor-widget-wrap\">\n\t\t\t\t\t\t<\/div>\n\t\t\t<\/div>\n\t\t<\/div>\n\t\t\t\t\t\t<\/div>\n\t\t\t<\/div>\n\t\t<\/section>\n\t\t\t\t\t\t<\/div>\n\t\t\t<\/div>\n\t\t<\/div>\n\t\t","protected":false},"excerpt":{"rendered":"<p>Organizaci\u00f3n Para cumplir con los objetivos de la Pastoral Educativa, la Provincia contar\u00e1 con los siguientes organismos: La Coordinaci\u00f3n de la Pastoral Educativa Pertenecen a La Coordinaci\u00f3n de la Pastoral Educativa todos los Colegios de la Provincia, representados por sus Directores y son los siguientes: Colegio San Francisco de As\u00eds \u2013 Cusco Colegio San Francisco [&hellip;]<\/p>\n","protected":false},"author":1,"featured_media":0,"parent":0,"menu_order":0,"comment_status":"closed","ping_status":"closed","template":"page-fullwidth.php","meta":[],"_links":{"self":[{"href":"https:\/\/12ape.org\/wp2\/wp-json\/wp\/v2\/pages\/111"}],"collection":[{"href":"https:\/\/12ape.org\/wp2\/wp-json\/wp\/v2\/pages"}],"about":[{"href":"https:\/\/12ape.org\/wp2\/wp-json\/wp\/v2\/types\/page"}],"author":[{"embeddable":true,"href":"https:\/\/12ape.org\/wp2\/wp-json\/wp\/v2\/users\/1"}],"replies":[{"embeddable":true,"href":"https:\/\/12ape.org\/wp2\/wp-json\/wp\/v2\/comments?post=111"}],"version-history":[{"count":49,"href":"https:\/\/12ape.org\/wp2\/wp-json\/wp\/v2\/pages\/111\/revisions"}],"predecessor-version":[{"id":4205,"href":"https:\/\/12ape.org\/wp2\/wp-json\/wp\/v2\/pages\/111\/revisions\/4205"}],"wp:attachment":[{"href":"https:\/\/12ape.org\/wp2\/wp-json\/wp\/v2\/media?parent=111"}],"curies":[{"name":"wp","href":"https:\/\/api.w.org\/{rel}","templated":true}]}}