{"id":1899,"date":"2020-01-16T16:30:05","date_gmt":"2020-01-16T16:30:05","guid":{"rendered":"https:\/\/12ape.org\/wp2\/?page_id=1899"},"modified":"2020-12-20T01:26:43","modified_gmt":"2020-12-20T01:26:43","slug":"asesoria-legal-2020","status":"publish","type":"page","link":"https:\/\/12ape.org\/wp2\/asesoria-legal-2020\/","title":{"rendered":"ASESOR\u00cdA LEGAL 2020"},"content":{"rendered":"\t\t<div class=\"elementor elementor-1899\">\n\t\t\t<div class=\"elementor-inner\">\n\t\t\t\t<div class=\"elementor-section-wrap\">\n\t\t\t\t\t\t\t<section data-id=\"fd202eb\" class=\"elementor-element elementor-element-fd202eb elementor-section-boxed elementor-section-height-default elementor-section-height-default elementor-section elementor-top-section\" data-settings=\"{&quot;background_background&quot;:&quot;classic&quot;}\" data-element_type=\"section\">\n\t\t\t\t\t\t<div class=\"elementor-container elementor-column-gap-default\">\n\t\t\t\t<div class=\"elementor-row\">\n\t\t\t\t<div data-id=\"41922f48\" class=\"elementor-element elementor-element-41922f48 elementor-column elementor-col-66 elementor-top-column\" data-element_type=\"column\">\n\t\t\t<div class=\"elementor-column-wrap elementor-element-populated\">\n\t\t\t\t\t<div class=\"elementor-widget-wrap\">\n\t\t\t\t<div data-id=\"72ffc5a2\" class=\"elementor-element elementor-element-72ffc5a2 elementor-widget elementor-widget-heading\" data-element_type=\"heading.default\">\n\t\t\t\t<div class=\"elementor-widget-container\">\n\t\t\t<h2 class=\"elementor-heading-title elementor-size-default\"><h2 data-elementor-setting-key=\"title\" data-pen-placeholder=\"Teclea aqu\u00ed...\" style=\"color: rgb(226, 198, 86);\">Asesor\u00eda Legal 2020<\/h2><\/h2>\t\t<\/div>\n\t\t\t\t<\/div>\n\t\t\t\t<div data-id=\"44e9f084\" class=\"elementor-element elementor-element-44e9f084 elementor-align-left elementor-widget elementor-widget-icon-list\" data-element_type=\"icon-list.default\">\n\t\t\t\t<div class=\"elementor-widget-container\">\n\t\t\t\t\t<ul class=\"elementor-icon-list-items\">\n\t\t\t\t\t\t\t<li class=\"elementor-icon-list-item\" >\n\t\t\t\t\t<a href=\"http:\/\/directivos.minedu.gob.pe\/minedu-aprueba-instructivo-sobre-el-proceso-de-matricula-2021-en-la-educacion-basica\/\" target=\"_blank\">\t\t\t\t\t\t<span class=\"elementor-icon-list-icon\">\n\t\t\t\t\t\t\t<i class=\"fa fa-check\" aria-hidden=\"true\"><\/i>\n\t\t\t\t\t\t<\/span>\n\t\t\t\t\t\t\t\t\t\t<span class=\"elementor-icon-list-text\">\tMINEDU APRUEBA INSTRUCTIVO SOBRE EL PROCESO DE MATR\u00cdCULA 2021 EN LA EDUCACI\u00d3N B\u00c1SICA<\/span>\n\t\t\t\t\t\t\t\t\t\t\t<\/a>\n\t\t\t\t\t\t\t\t\t<\/li>\n\t\t\t\t\t\t\t\t<li class=\"elementor-icon-list-item\" >\n\t\t\t\t\t<a href=\"https:\/\/12ape.org\/wp2\/wp-content\/uploads\/2020\/12\/RVM-N\u00b0-273-2020-MINEDU.pdf\" target=\"_blank\">\t\t\t\t\t\t<span class=\"elementor-icon-list-icon\">\n\t\t\t\t\t\t\t<i class=\"fa fa-check\" aria-hidden=\"true\"><\/i>\n\t\t\t\t\t\t<\/span>\n\t\t\t\t\t\t\t\t\t\t<span class=\"elementor-icon-list-text\">RVM N\u00b0 273-2020-MINEDU<\/span>\n\t\t\t\t\t\t\t\t\t\t\t<\/a>\n\t\t\t\t\t\t\t\t\t<\/li>\n\t\t\t\t\t\t\t\t<li class=\"elementor-icon-list-item\" >\n\t\t\t\t\t<a href=\"https:\/\/12ape.org\/wp2\/wp-content\/uploads\/2020\/11\/NOTA_INFORMATIVA_N_084_AL_2020_DESCONEXI\u00d3N_DIGITAL_EN_EL_TRABAJO_REMOTO.pdf\">\t\t\t\t\t\t<span class=\"elementor-icon-list-icon\">\n\t\t\t\t\t\t\t<i class=\"fa fa-check\" aria-hidden=\"true\"><\/i>\n\t\t\t\t\t\t<\/span>\n\t\t\t\t\t\t\t\t\t\t<span class=\"elementor-icon-list-text\">NOTA INFORMATIVA N\u00b0084-AL-2020: DESCONEXI\u00d3N DIGITAL EN EL TRABAJO REMOTO<\/span>\n\t\t\t\t\t\t\t\t\t\t\t<\/a>\n\t\t\t\t\t\t\t\t\t<\/li>\n\t\t\t\t\t\t\t\t<li class=\"elementor-icon-list-item\" >\n\t\t\t\t\t<a href=\"https:\/\/12ape.org\/wp2\/wp-content\/uploads\/2020\/11\/NOTA_INFORMATIVA_N_083_AL_2020_SUBSIDIO_PARA_LA_RECUPERACI\u00d3N_DEL_EMPLEO_FORMAL_EN_EL_SECTOR_PRIVADO.pdf\">\t\t\t\t\t\t<span class=\"elementor-icon-list-icon\">\n\t\t\t\t\t\t\t<i class=\"fa fa-check\" aria-hidden=\"true\"><\/i>\n\t\t\t\t\t\t<\/span>\n\t\t\t\t\t\t\t\t\t\t<span class=\"elementor-icon-list-text\">NOTA INFORMATIVA N\u00b0083-AL-2020: SUBSIDIO PARA LA RECUPERACI\u00d3N DEL EMPLEO FORMAL EN EL SECTOR PRIVADO.<\/span>\n\t\t\t\t\t\t\t\t\t\t\t<\/a>\n\t\t\t\t\t\t\t\t\t<\/li>\n\t\t\t\t\t\t\t\t<li class=\"elementor-icon-list-item\" >\n\t\t\t\t\t<a href=\"https:\/\/12ape.org\/wp2\/wp-content\/uploads\/2020\/10\/RECOMENDACIONES-LEGALES-OCTUBRE-2020-Isela-S\u00e1nchez.pdf\">\t\t\t\t\t\t<span class=\"elementor-icon-list-icon\">\n\t\t\t\t\t\t\t<i class=\"fa fa-check\" aria-hidden=\"true\"><\/i>\n\t\t\t\t\t\t<\/span>\n\t\t\t\t\t\t\t\t\t\t<span class=\"elementor-icon-list-text\">RECOMENDACIONES LEGALES OCTUBRE 2020 Isela S\u00e1nchez<\/span>\n\t\t\t\t\t\t\t\t\t\t\t<\/a>\n\t\t\t\t\t\t\t\t\t<\/li>\n\t\t\t\t\t\t\t\t<li class=\"elementor-icon-list-item\" >\n\t\t\t\t\t<a href=\"https:\/\/drive.google.com\/file\/d\/1fgNjccu-__r7kQXQkn4qwjb-9u6ioJs5\/view?usp=sharing\" target=\"_blank\">\t\t\t\t\t\t<span class=\"elementor-icon-list-icon\">\n\t\t\t\t\t\t\t<i class=\"fa fa-check\" aria-hidden=\"true\"><\/i>\n\t\t\t\t\t\t<\/span>\n\t\t\t\t\t\t\t\t\t\t<span class=\"elementor-icon-list-text\">RVM N\u00b0 116-2020-MINEDU - SERVICIO EDUCATIVO<\/span>\n\t\t\t\t\t\t\t\t\t\t\t<\/a>\n\t\t\t\t\t\t\t\t\t<\/li>\n\t\t\t\t\t\t\t\t<li class=\"elementor-icon-list-item\" >\n\t\t\t\t\t<a href=\"https:\/\/12ape.org\/wp2\/wp-content\/uploads\/2020\/06\/LA-SUSPENSIO\u0301N-PEFECTA-DE-LABORES-Y-TRABAJO-REMOTO-EN-EL-MARCO-DEL-DECRETO-SUPREMO-020-1-1.doc\" target=\"_blank\">\t\t\t\t\t\t<span class=\"elementor-icon-list-icon\">\n\t\t\t\t\t\t\t<i class=\"fa fa-check\" aria-hidden=\"true\"><\/i>\n\t\t\t\t\t\t<\/span>\n\t\t\t\t\t\t\t\t\t\t<span class=\"elementor-icon-list-text\">LA SUSPENSIO\u0301N PEFECTA DE LABORES Y TRABAJO REMOTO EN EL MARCO DEL DECRETO SUPREMO 020 <\/span>\n\t\t\t\t\t\t\t\t\t\t\t<\/a>\n\t\t\t\t\t\t\t\t\t<\/li>\n\t\t\t\t\t\t\t\t<li class=\"elementor-icon-list-item\" >\n\t\t\t\t\t<a href=\"https:\/\/12ape.org\/wp2\/wp-content\/uploads\/2020\/06\/ASPECTOS-A-TOMAR-EN-CUENTA-PARA-REINICIO-DE-ACTIVIDADES-1.doc\" target=\"_blank\">\t\t\t\t\t\t<span class=\"elementor-icon-list-icon\">\n\t\t\t\t\t\t\t<i class=\"fa fa-check\" aria-hidden=\"true\"><\/i>\n\t\t\t\t\t\t<\/span>\n\t\t\t\t\t\t\t\t\t\t<span class=\"elementor-icon-list-text\">ASPECTOS A TOMAR EN CUENTA PARA REINICIO DE ACTIVIDADES<\/span>\n\t\t\t\t\t\t\t\t\t\t\t<\/a>\n\t\t\t\t\t\t\t\t\t<\/li>\n\t\t\t\t\t\t\t\t<li class=\"elementor-icon-list-item\" >\n\t\t\t\t\t<a href=\"https:\/\/12ape.org\/wp2\/wp-content\/uploads\/2020\/03\/1864943-1.pdf\" target=\"_blank\">\t\t\t\t\t\t<span class=\"elementor-icon-list-icon\">\n\t\t\t\t\t\t\t<i class=\"fa fa-check\" aria-hidden=\"true\"><\/i>\n\t\t\t\t\t\t<\/span>\n\t\t\t\t\t\t\t\t\t\t<span class=\"elementor-icon-list-text\">REGLAMENTO DEL DECRETO LEGISLATIVO N\u00ba 1095, QUE ESTABLECE REGLAS DE EMPLEO Y USO DE LA FUERZA POR PARTE DE LAS FUERZAS ARMADAS EN EL TERRITORIO NACIONAL<\/span>\n\t\t\t\t\t\t\t\t\t\t\t<\/a>\n\t\t\t\t\t\t\t\t\t<\/li>\n\t\t\t\t\t\t\t\t<li class=\"elementor-icon-list-item\" >\n\t\t\t\t\t<a href=\"https:\/\/12ape.org\/wp2\/wp-content\/uploads\/2020\/03\/1864948-2.pdf\" target=\"_blank\">\t\t\t\t\t\t<span class=\"elementor-icon-list-icon\">\n\t\t\t\t\t\t\t<i class=\"fa fa-check\" aria-hidden=\"true\"><\/i>\n\t\t\t\t\t\t<\/span>\n\t\t\t\t\t\t\t\t\t\t<span class=\"elementor-icon-list-text\">DECRETO SUPREMO QUE DECLARA ESTADO DE EMERGENCIA NACIONAL POR LAS GRAVES CIRCUNSTANCIAS QUE AFECTAN LA VIDA DE LA NACI\u00d3N A CONSECUENCIA DEL BROTE DEL COVID-19<\/span>\n\t\t\t\t\t\t\t\t\t\t\t<\/a>\n\t\t\t\t\t\t\t\t\t<\/li>\n\t\t\t\t\t\t\t\t<li class=\"elementor-icon-list-item\" >\n\t\t\t\t\t<a href=\"https:\/\/12ape.org\/wp2\/wp-content\/uploads\/2020\/01\/NOTA-INFORMATIVA-004-AL-2020-CUOTA-DE-INGRESO-00000002.doc\" target=\"_blank\">\t\t\t\t\t\t<span class=\"elementor-icon-list-icon\">\n\t\t\t\t\t\t\t<i class=\"fa fa-check\" aria-hidden=\"true\"><\/i>\n\t\t\t\t\t\t<\/span>\n\t\t\t\t\t\t\t\t\t\t<span class=\"elementor-icon-list-text\">NOTA INFORMATIVA 004- AL-2020 CUOTA DE INGRESO<\/span>\n\t\t\t\t\t\t\t\t\t\t\t<\/a>\n\t\t\t\t\t\t\t\t\t<\/li>\n\t\t\t\t\t\t\t\t<li class=\"elementor-icon-list-item\" >\n\t\t\t\t\t<a href=\"https:\/\/12ape.org\/wp2\/wp-content\/uploads\/2020\/02\/NOTA-INFORMATIVA-008-AL-2020-QU\u00c9-DISPONE-LAS-NORMAS-REGLAMENTARIAS-DEL-DU-N\u00ba-044-2019-TR.doc\">\t\t\t\t\t\t<span class=\"elementor-icon-list-icon\">\n\t\t\t\t\t\t\t<i class=\"fa fa-check\" aria-hidden=\"true\"><\/i>\n\t\t\t\t\t\t<\/span>\n\t\t\t\t\t\t\t\t\t\t<span class=\"elementor-icon-list-text\">NOTA INFORMATIVA 008- AL-2020 QU\u00c9 DISPONE LAS NORMAS REGLAMENTARIAS DEL DU N\u00ba 044-2019-TR<\/span>\n\t\t\t\t\t\t\t\t\t\t\t<\/a>\n\t\t\t\t\t\t\t\t\t<\/li>\n\t\t\t\t\t\t<\/ul>\n\t\t\t\t<\/div>\n\t\t\t\t<\/div>\n\t\t\t\t\t\t<\/div>\n\t\t\t<\/div>\n\t\t<\/div>\n\t\t\t\t<div data-id=\"597a4499\" class=\"elementor-element elementor-element-597a4499 elementor-column elementor-col-33 elementor-top-column\" data-element_type=\"column\">\n\t\t\t<div class=\"elementor-column-wrap elementor-element-populated\">\n\t\t\t\t\t<div class=\"elementor-widget-wrap\">\n\t\t\t\t<div data-id=\"4cc263ef\" class=\"elementor-element elementor-element-4cc263ef elementor-widget elementor-widget-image\" data-element_type=\"image.default\">\n\t\t\t\t<div class=\"elementor-widget-container\">\n\t\t\t\t\t<div class=\"elementor-image\">\n\t\t\t\t\t\t\t\t\t\t<img width=\"800\" height=\"600\" src=\"https:\/\/12ape.org\/wp2\/wp-content\/uploads\/2018\/09\/san-francisco-peru-catolico-800x600.jpg\" class=\"attachment-large size-large\" alt=\"\" decoding=\"async\" loading=\"lazy\" srcset=\"https:\/\/12ape.org\/wp2\/wp-content\/uploads\/2018\/09\/san-francisco-peru-catolico-800x600.jpg 800w, https:\/\/12ape.org\/wp2\/wp-content\/uploads\/2018\/09\/san-francisco-peru-catolico-800x600-300x225.jpg 300w, https:\/\/12ape.org\/wp2\/wp-content\/uploads\/2018\/09\/san-francisco-peru-catolico-800x600-768x576.jpg 768w\" sizes=\"(max-width: 800px) 100vw, 800px\" \/>\t\t\t\t\t\t\t\t\t\t\t<\/div>\n\t\t\t\t<\/div>\n\t\t\t\t<\/div>\n\t\t\t\t\t\t<\/div>\n\t\t\t<\/div>\n\t\t<\/div>\n\t\t\t\t\t\t<\/div>\n\t\t\t<\/div>\n\t\t<\/section>\n\t\t\t\t\t\t<\/div>\n\t\t\t<\/div>\n\t\t<\/div>\n\t\t","protected":false},"excerpt":{"rendered":"<p>Asesor\u00eda Legal 2020 MINEDU APRUEBA INSTRUCTIVO SOBRE EL PROCESO DE MATR\u00cdCULA 2021 EN LA EDUCACI\u00d3N B\u00c1SICA RVM N\u00b0 273-2020-MINEDU NOTA INFORMATIVA N\u00b0084-AL-2020: DESCONEXI\u00d3N DIGITAL EN EL TRABAJO REMOTO NOTA INFORMATIVA N\u00b0083-AL-2020: SUBSIDIO PARA LA RECUPERACI\u00d3N DEL EMPLEO FORMAL EN EL SECTOR PRIVADO. RECOMENDACIONES LEGALES OCTUBRE 2020 Isela S\u00e1nchez RVM N\u00b0 116-2020-MINEDU &#8211; SERVICIO EDUCATIVO LA [&hellip;]<\/p>\n","protected":false},"author":1,"featured_media":0,"parent":0,"menu_order":0,"comment_status":"closed","ping_status":"closed","template":"page-fullwidth.php","meta":[],"_links":{"self":[{"href":"https:\/\/12ape.org\/wp2\/wp-json\/wp\/v2\/pages\/1899"}],"collection":[{"href":"https:\/\/12ape.org\/wp2\/wp-json\/wp\/v2\/pages"}],"about":[{"href":"https:\/\/12ape.org\/wp2\/wp-json\/wp\/v2\/types\/page"}],"author":[{"embeddable":true,"href":"https:\/\/12ape.org\/wp2\/wp-json\/wp\/v2\/users\/1"}],"replies":[{"embeddable":true,"href":"https:\/\/12ape.org\/wp2\/wp-json\/wp\/v2\/comments?post=1899"}],"version-history":[{"count":12,"href":"https:\/\/12ape.org\/wp2\/wp-json\/wp\/v2\/pages\/1899\/revisions"}],"predecessor-version":[{"id":2675,"href":"https:\/\/12ape.org\/wp2\/wp-json\/wp\/v2\/pages\/1899\/revisions\/2675"}],"wp:attachment":[{"href":"https:\/\/12ape.org\/wp2\/wp-json\/wp\/v2\/media?parent=1899"}],"curies":[{"name":"wp","href":"https:\/\/api.w.org\/{rel}","templated":true}]}}