{"id":209,"date":"2018-09-14T16:44:27","date_gmt":"2018-09-14T16:44:27","guid":{"rendered":"https:\/\/12ape.org\/wp2\/?page_id=209"},"modified":"2020-11-28T16:16:48","modified_gmt":"2020-11-28T16:16:48","slug":"consorcio-de-centros-educativos-catolicos","status":"publish","type":"page","link":"https:\/\/12ape.org\/wp2\/consorcio-de-centros-educativos-catolicos\/","title":{"rendered":"CONSORCIO DE CENTROS EDUCATIVOS CAT\u00d3LICOS"},"content":{"rendered":"\t\t<div class=\"elementor elementor-209\">\n\t\t\t<div class=\"elementor-inner\">\n\t\t\t\t<div class=\"elementor-section-wrap\">\n\t\t\t\t\t\t\t<section data-id=\"0e8cd65\" class=\"elementor-element elementor-element-0e8cd65 elementor-section-boxed elementor-section-height-default elementor-section-height-default elementor-section elementor-top-section\" data-element_type=\"section\">\n\t\t\t\t\t\t<div class=\"elementor-container elementor-column-gap-default\">\n\t\t\t\t<div class=\"elementor-row\">\n\t\t\t\t<div data-id=\"21951ec\" class=\"elementor-element elementor-element-21951ec elementor-column elementor-col-100 elementor-top-column\" data-element_type=\"column\">\n\t\t\t<div class=\"elementor-column-wrap elementor-element-populated\">\n\t\t\t\t\t<div class=\"elementor-widget-wrap\">\n\t\t\t\t<div data-id=\"1e39382\" class=\"elementor-element elementor-element-1e39382 elementor-widget elementor-widget-heading\" data-element_type=\"heading.default\">\n\t\t\t\t<div class=\"elementor-widget-container\">\n\t\t\t<h1 class=\"elementor-heading-title elementor-size-default\">Consorcio de Centros Educativos Cat\u00f3licos<\/h1>\t\t<\/div>\n\t\t\t\t<\/div>\n\t\t\t\t<div data-id=\"383072c\" class=\"elementor-element elementor-element-383072c elementor-widget elementor-widget-text-editor\" data-element_type=\"text-editor.default\">\n\t\t\t\t<div class=\"elementor-widget-container\">\n\t\t\t\t\t<div class=\"elementor-text-editor elementor-clearfix\"><p><span style=\"color: #993300;\">Enlace al sitio web<span style=\"color: #ff0000;\"><span style=\"color: #993300;\">:<\/span>\u00a0<\/span><\/span><a href=\"http:\/\/www.ccec.edu.pe\" target=\"_blank\" rel=\"noopener\"><span style=\"color: #ff0000;\">\u00a0\u00a0http:\/\/www.ccec.edu.pe<\/span><\/a><\/p><\/div>\n\t\t\t\t<\/div>\n\t\t\t\t<\/div>\n\t\t\t\t<div data-id=\"64badbd\" class=\"elementor-element elementor-element-64badbd elementor-widget elementor-widget-icon-list\" data-element_type=\"icon-list.default\">\n\t\t\t\t<div class=\"elementor-widget-container\">\n\t\t\t\t\t<ul class=\"elementor-icon-list-items\">\n\t\t\t\t\t\t\t<li class=\"elementor-icon-list-item\" >\n\t\t\t\t\t<a href=\"https:\/\/12ape.org\/wp2\/wp-content\/uploads\/2020\/11\/Calendarizaci\u00f3n_Escolar_CCEC_2021.01.pdf\">\t\t\t\t\t\t<span class=\"elementor-icon-list-icon\">\n\t\t\t\t\t\t\t<i class=\"fa fa-check\" aria-hidden=\"true\"><\/i>\n\t\t\t\t\t\t<\/span>\n\t\t\t\t\t\t\t\t\t\t<span class=\"elementor-icon-list-text\">CALENDARIZACI\u00d3N ESCOLAR 2021 - CCEC<\/span>\n\t\t\t\t\t\t\t\t\t\t\t<\/a>\n\t\t\t\t\t\t\t\t\t<\/li>\n\t\t\t\t\t\t\t\t<li class=\"elementor-icon-list-item\" >\n\t\t\t\t\t<a href=\"https:\/\/12ape.org\/wp2\/wp-content\/uploads\/2020\/07\/CARTA_CDN_CCEC01_AL_PRIMER_MINISTRO_PEDRO_CATERIANO_27_de_julio_con_CARGO.pdf\" target=\"_blank\">\t\t\t\t\t\t<span class=\"elementor-icon-list-icon\">\n\t\t\t\t\t\t\t<i class=\"fa fa-check\" aria-hidden=\"true\"><\/i>\n\t\t\t\t\t\t<\/span>\n\t\t\t\t\t\t\t\t\t\t<span class=\"elementor-icon-list-text\">CARTA CDN CCEC01 AL PRIMER MINISTRO PEDRO CATERIANO<\/span>\n\t\t\t\t\t\t\t\t\t\t\t<\/a>\n\t\t\t\t\t\t\t\t\t<\/li>\n\t\t\t\t\t\t\t\t<li class=\"elementor-icon-list-item\" >\n\t\t\t\t\t<a href=\"https:\/\/12ape.org\/wp2\/wp-content\/uploads\/2020\/05\/PRONUNCIAMIENTO_sobre_DL1476_final.pdf\" target=\"_blank\">\t\t\t\t\t\t<span class=\"elementor-icon-list-icon\">\n\t\t\t\t\t\t\t<i class=\"fa fa-check\" aria-hidden=\"true\"><\/i>\n\t\t\t\t\t\t<\/span>\n\t\t\t\t\t\t\t\t\t\t<span class=\"elementor-icon-list-text\">PRONUNCIAMENTO POR EL DECRETO LEGISLATIVO N\u00ba1476 \u2013 2020 - MINEDU<\/span>\n\t\t\t\t\t\t\t\t\t\t\t<\/a>\n\t\t\t\t\t\t\t\t\t<\/li>\n\t\t\t\t\t\t\t\t<li class=\"elementor-icon-list-item\" >\n\t\t\t\t\t<a href=\"https:\/\/12ape.org\/wp2\/comunicado-del-consorcio-de-centros-educativos-catolicos\/\" target=\"_blank\">\t\t\t\t\t\t<span class=\"elementor-icon-list-icon\">\n\t\t\t\t\t\t\t<i class=\"fa fa-check\" aria-hidden=\"true\"><\/i>\n\t\t\t\t\t\t<\/span>\n\t\t\t\t\t\t\t\t\t\t<span class=\"elementor-icon-list-text\">COMUNICADO DEL CONSORCIO DE CENTROS EDUCATIVOS CAT\u00d3LICOS<\/span>\n\t\t\t\t\t\t\t\t\t\t\t<\/a>\n\t\t\t\t\t\t\t\t\t<\/li>\n\t\t\t\t\t\t\t\t<li class=\"elementor-icon-list-item\" >\n\t\t\t\t\t<a href=\"https:\/\/12ape.org\/wp2\/wp-content\/uploads\/2020\/03\/NOTA_INFORMATIVA_N_027_AL_2020_GU\u00cdA_PARA_LA_APLICACI\u00d3N_DEL_TRABAJO_REMOTO_1_.pdf\" target=\"_blank\">\t\t\t\t\t\t<span class=\"elementor-icon-list-icon\">\n\t\t\t\t\t\t\t<i class=\"fa fa-check\" aria-hidden=\"true\"><\/i>\n\t\t\t\t\t\t<\/span>\n\t\t\t\t\t\t\t\t\t\t<span class=\"elementor-icon-list-text\">NOTA INFORMATIVA N 027 AL 2020 GU\u00cdA PARA LA APLICACI\u00d3N DEL TRABAJO REMOTO<\/span>\n\t\t\t\t\t\t\t\t\t\t\t<\/a>\n\t\t\t\t\t\t\t\t\t<\/li>\n\t\t\t\t\t\t\t\t<li class=\"elementor-icon-list-item\" >\n\t\t\t\t\t<a href=\"https:\/\/12ape.org\/wp2\/wp-content\/uploads\/2020\/03\/NOTAINFORMATIVAN\u00b0026-AL-2020PROTOCOLOSOBREELEJERCICIODELAFUNCI\u00d3NINSPECTIVAFRENTEALAEMERGENCIASANITARIA_reduce.pdf\" target=\"_blank\">\t\t\t\t\t\t<span class=\"elementor-icon-list-icon\">\n\t\t\t\t\t\t\t<i class=\"fa fa-check\" aria-hidden=\"true\"><\/i>\n\t\t\t\t\t\t<\/span>\n\t\t\t\t\t\t\t\t\t\t<span class=\"elementor-icon-list-text\">NOTA INFORMATIVA N\u00b0026 AL 2020 PROTOCOLO SOBRE EL EJERCICIO DE LA FUNCI\u00d3N INSPECTIVA FRENTE A LA EMERGENCIA SANITARIA<\/span>\n\t\t\t\t\t\t\t\t\t\t\t<\/a>\n\t\t\t\t\t\t\t\t\t<\/li>\n\t\t\t\t\t\t\t\t<li class=\"elementor-icon-list-item\" >\n\t\t\t\t\t<a href=\"https:\/\/mailchi.mp\/0760cfbb33b9\/pedagoga-e-innovacin-educativa-para-la-escuela-catlica-155249?e=6c794c438e\" target=\"_blank\">\t\t\t\t\t\t<span class=\"elementor-icon-list-icon\">\n\t\t\t\t\t\t\t<i class=\"fa fa-check\" aria-hidden=\"true\"><\/i>\n\t\t\t\t\t\t<\/span>\n\t\t\t\t\t\t\t\t\t\t<span class=\"elementor-icon-list-text\">26 DE ENERO D\u00cdA MUNDIAL DE LA EDUCACI\u00d3N MEDIOAMBIENTAL<\/span>\n\t\t\t\t\t\t\t\t\t\t\t<\/a>\n\t\t\t\t\t\t\t\t\t<\/li>\n\t\t\t\t\t\t\t\t<li class=\"elementor-icon-list-item\" >\n\t\t\t\t\t<a href=\"http:\/\/sanfranciscoaqp.edu.pe\/web\/wp-content\/uploads\/2019\/10\/CALENDARIZACION-ESCOLAR-2020-CCEC.pdf\" target=\"_blank\">\t\t\t\t\t\t<span class=\"elementor-icon-list-icon\">\n\t\t\t\t\t\t\t<i class=\"fa fa-check\" aria-hidden=\"true\"><\/i>\n\t\t\t\t\t\t<\/span>\n\t\t\t\t\t\t\t\t\t\t<span class=\"elementor-icon-list-text\">CALENDARIZACION ESCOLAR 2020 - CCEC<\/span>\n\t\t\t\t\t\t\t\t\t\t\t<\/a>\n\t\t\t\t\t\t\t\t\t<\/li>\n\t\t\t\t\t\t\t\t<li class=\"elementor-icon-list-item\" >\n\t\t\t\t\t<a href=\"http:\/\/sanfranciscoaqp.edu.pe\/web\/wp-content\/uploads\/2019\/10\/INFORME-LEGAL-OCTUBRE-2019-CONSORCIO.pptx\" target=\"_blank\">\t\t\t\t\t\t<span class=\"elementor-icon-list-icon\">\n\t\t\t\t\t\t\t<i class=\"fa fa-check\" aria-hidden=\"true\"><\/i>\n\t\t\t\t\t\t<\/span>\n\t\t\t\t\t\t\t\t\t\t<span class=\"elementor-icon-list-text\">INFORME LEGAL - OCTUBRE 2019 CONSORCIO<\/span>\n\t\t\t\t\t\t\t\t\t\t\t<\/a>\n\t\t\t\t\t\t\t\t\t<\/li>\n\t\t\t\t\t\t\t\t<li class=\"elementor-icon-list-item\" >\n\t\t\t\t\t<a href=\"http:\/\/ciec.edu.co\/pedagogia-e-innovacion\/como-ser-un-buen-lider-en-un-centro-educativo-2\/?utm_source=Base+CIEC2&amp;utm_campaign=d5b2c74d30-EMAIL_CAMPAIGN_2018_10_17_01_40_COPY_01&amp;utm_medium=email&amp;utm_term=0_9c316b539c-d5b2c74d30-56135349\">\t\t\t\t\t\t<span class=\"elementor-icon-list-icon\">\n\t\t\t\t\t\t\t<i class=\"fa fa-check\" aria-hidden=\"true\"><\/i>\n\t\t\t\t\t\t<\/span>\n\t\t\t\t\t\t\t\t\t\t<span class=\"elementor-icon-list-text\">EL CUIDADO DE LA CASA COM\u00daN DESDE LA ESCUELA<\/span>\n\t\t\t\t\t\t\t\t\t\t\t<\/a>\n\t\t\t\t\t\t\t\t\t<\/li>\n\t\t\t\t\t\t<\/ul>\n\t\t\t\t<\/div>\n\t\t\t\t<\/div>\n\t\t\t\t<div data-id=\"cbc7f9d\" class=\"elementor-element elementor-element-cbc7f9d elementor-widget elementor-widget-heading\" data-element_type=\"heading.default\">\n\t\t\t\t<div class=\"elementor-widget-container\">\n\t\t\t<h3 class=\"elementor-heading-title elementor-size-default\">REVISTA SIGNO<\/h3>\t\t<\/div>\n\t\t\t\t<\/div>\n\t\t\t\t<div data-id=\"59dfe3a\" class=\"elementor-element elementor-element-59dfe3a elementor-widget elementor-widget-icon-list\" data-element_type=\"icon-list.default\">\n\t\t\t\t<div class=\"elementor-widget-container\">\n\t\t\t\t\t<ul class=\"elementor-icon-list-items\">\n\t\t\t\t\t\t\t<li class=\"elementor-icon-list-item\" >\n\t\t\t\t\t<a href=\"https:\/\/drive.google.com\/file\/d\/18_lWbbfacyHmOhO_bcb1RWKkSZ-HmHto\/view?usp=sharing\" target=\"_blank\">\t\t\t\t\t\t<span class=\"elementor-icon-list-icon\">\n\t\t\t\t\t\t\t<i class=\"fa fa-check\" aria-hidden=\"true\"><\/i>\n\t\t\t\t\t\t<\/span>\n\t\t\t\t\t\t\t\t\t\t<span class=\"elementor-icon-list-text\">REVISTA SIGNO - JULIO 2020<\/span>\n\t\t\t\t\t\t\t\t\t\t\t<\/a>\n\t\t\t\t\t\t\t\t\t<\/li>\n\t\t\t\t\t\t\t\t<li class=\"elementor-icon-list-item\" >\n\t\t\t\t\t<a href=\"https:\/\/drive.google.com\/file\/d\/1EuOalHKNWidcB6MESCWUUK6cJymxzgcP\/view?usp=sharing\" target=\"_blank\">\t\t\t\t\t\t<span class=\"elementor-icon-list-icon\">\n\t\t\t\t\t\t\t<i class=\"fa fa-check\" aria-hidden=\"true\"><\/i>\n\t\t\t\t\t\t<\/span>\n\t\t\t\t\t\t\t\t\t\t<span class=\"elementor-icon-list-text\">REVISTA SIGNO - JUNIO 2020<\/span>\n\t\t\t\t\t\t\t\t\t\t\t<\/a>\n\t\t\t\t\t\t\t\t\t<\/li>\n\t\t\t\t\t\t\t\t<li class=\"elementor-icon-list-item\" >\n\t\t\t\t\t<a href=\"https:\/\/drive.google.com\/file\/d\/11fSje9XBGiWB7kkh2IkGNnlOncgVu_PH\/view?usp=sharing\" target=\"_blank\">\t\t\t\t\t\t<span class=\"elementor-icon-list-icon\">\n\t\t\t\t\t\t\t<i class=\"fa fa-check\" aria-hidden=\"true\"><\/i>\n\t\t\t\t\t\t<\/span>\n\t\t\t\t\t\t\t\t\t\t<span class=\"elementor-icon-list-text\">REVISTA SIGNO - ABRIL 2020<\/span>\n\t\t\t\t\t\t\t\t\t\t\t<\/a>\n\t\t\t\t\t\t\t\t\t<\/li>\n\t\t\t\t\t\t<\/ul>\n\t\t\t\t<\/div>\n\t\t\t\t<\/div>\n\t\t\t\t<div data-id=\"542416b\" class=\"elementor-element elementor-element-542416b elementor-widget elementor-widget-icon-list\" data-element_type=\"icon-list.default\">\n\t\t\t\t<div class=\"elementor-widget-container\">\n\t\t\t\t\t<ul class=\"elementor-icon-list-items\">\n\t\t\t\t\t\t\t<li class=\"elementor-icon-list-item\" >\n\t\t\t\t\t<a href=\"https:\/\/12ape.org\/wp2\/wp-content\/uploads\/2019\/06\/Invitaci\u00f3n-Oficial-Convenci\u00f3n-Hu\u00e1nuco-2019-2.pdf\" target=\"_blank\">\t\t\t\t\t\t<span class=\"elementor-icon-list-icon\">\n\t\t\t\t\t\t\t<i class=\"fa fa-check\" aria-hidden=\"true\"><\/i>\n\t\t\t\t\t\t<\/span>\n\t\t\t\t\t\t\t\t\t\t<span class=\"elementor-icon-list-text\"> XXXII CONVENCI\u00d3N NACIONAL DE EDUCACI\u00d3N CAT\u00d3LICA DEL 6 AL 9 DE OCTUBRE 2019<\/span>\n\t\t\t\t\t\t\t\t\t\t\t<\/a>\n\t\t\t\t\t\t\t\t\t<\/li>\n\t\t\t\t\t\t\t\t<li class=\"elementor-icon-list-item\" >\n\t\t\t\t\t<a href=\"https:\/\/12ape.org\/wp2\/wp-content\/uploads\/2019\/06\/DIRECTORIO-DIRCETUR-ALOJAMIENTOS-EN-HUANUCO-2019.pdf\" target=\"_blank\">\t\t\t\t\t\t<span class=\"elementor-icon-list-icon\">\n\t\t\t\t\t\t\t<i class=\"fa fa-codiepie\" aria-hidden=\"true\"><\/i>\n\t\t\t\t\t\t<\/span>\n\t\t\t\t\t\t\t\t\t\t<span class=\"elementor-icon-list-text\">DIRECTORIO DIRCETUR - ALOJAMIENTOS EN HUANUCO 2019<\/span>\n\t\t\t\t\t\t\t\t\t\t\t<\/a>\n\t\t\t\t\t\t\t\t\t<\/li>\n\t\t\t\t\t\t\t\t<li class=\"elementor-icon-list-item\" >\n\t\t\t\t\t<a href=\"https:\/\/12ape.org\/wp2\/wp-content\/uploads\/2019\/06\/CCEC-CONDECORACI\u00d3N-DIVINO-MAESTRO-en-los-80-a\u00f1os-del-CCEC.pdf\" target=\"_blank\">\t\t\t\t\t\t<span class=\"elementor-icon-list-icon\">\n\t\t\t\t\t\t\t<i class=\"fa fa-codiepie\" aria-hidden=\"true\"><\/i>\n\t\t\t\t\t\t<\/span>\n\t\t\t\t\t\t\t\t\t\t<span class=\"elementor-icon-list-text\">Condecoraci\u00f3n \u201cDIVINO MAESTRO\" <\/span>\n\t\t\t\t\t\t\t\t\t\t\t<\/a>\n\t\t\t\t\t\t\t\t\t<\/li>\n\t\t\t\t\t\t\t\t<li class=\"elementor-icon-list-item\" >\n\t\t\t\t\t<a href=\"https:\/\/12ape.org\/wp2\/wp-content\/uploads\/2019\/06\/CCEC-Reglamento-DIVINO-MAESTRO-doc.-oficial.pdf\" target=\"_blank\">\t\t\t\t\t\t<span class=\"elementor-icon-list-icon\">\n\t\t\t\t\t\t\t<i class=\"fa fa-codiepie\" aria-hidden=\"true\"><\/i>\n\t\t\t\t\t\t<\/span>\n\t\t\t\t\t\t\t\t\t\t<span class=\"elementor-icon-list-text\">CCEC - REGLAMENTO DIVINO MAESTRO<\/span>\n\t\t\t\t\t\t\t\t\t\t\t<\/a>\n\t\t\t\t\t\t\t\t\t<\/li>\n\t\t\t\t\t\t<\/ul>\n\t\t\t\t<\/div>\n\t\t\t\t<\/div>\n\t\t\t\t\t\t<\/div>\n\t\t\t<\/div>\n\t\t<\/div>\n\t\t\t\t\t\t<\/div>\n\t\t\t<\/div>\n\t\t<\/section>\n\t\t\t\t<section data-id=\"2fe6343\" class=\"elementor-element elementor-element-2fe6343 elementor-section-boxed elementor-section-height-default elementor-section-height-default elementor-section elementor-top-section\" data-element_type=\"section\">\n\t\t\t\t\t\t<div class=\"elementor-container elementor-column-gap-default\">\n\t\t\t\t<div class=\"elementor-row\">\n\t\t\t\t<div data-id=\"5b0bb53\" class=\"elementor-element elementor-element-5b0bb53 elementor-column elementor-col-100 elementor-top-column\" data-element_type=\"column\">\n\t\t\t<div class=\"elementor-column-wrap elementor-element-populated\">\n\t\t\t\t\t<div class=\"elementor-widget-wrap\">\n\t\t\t\t<div data-id=\"56b8cf8\" class=\"elementor-element elementor-element-56b8cf8 elementor-widget elementor-widget-heading\" data-element_type=\"heading.default\">\n\t\t\t\t<div class=\"elementor-widget-container\">\n\t\t\t<h4 class=\"elementor-heading-title elementor-size-default\">Que Mar\u00eda Inmaculada, nuestra Madre y Francisco de As\u00eds nos bendigan.<\/h4>\t\t<\/div>\n\t\t\t\t<\/div>\n\t\t\t\t\t\t<\/div>\n\t\t\t<\/div>\n\t\t<\/div>\n\t\t\t\t\t\t<\/div>\n\t\t\t<\/div>\n\t\t<\/section>\n\t\t\t\t\t\t<\/div>\n\t\t\t<\/div>\n\t\t<\/div>\n\t\t","protected":false},"excerpt":{"rendered":"<p>Consorcio de Centros Educativos Cat\u00f3licos Enlace al sitio web:\u00a0\u00a0\u00a0http:\/\/www.ccec.edu.pe CALENDARIZACI\u00d3N ESCOLAR 2021 &#8211; CCEC CARTA CDN CCEC01 AL PRIMER MINISTRO PEDRO CATERIANO PRONUNCIAMENTO POR EL DECRETO LEGISLATIVO N\u00ba1476 \u2013 2020 &#8211; MINEDU COMUNICADO DEL CONSORCIO DE CENTROS EDUCATIVOS CAT\u00d3LICOS NOTA INFORMATIVA N 027 AL 2020 GU\u00cdA PARA LA APLICACI\u00d3N DEL TRABAJO REMOTO NOTA INFORMATIVA N\u00b0026 [&hellip;]<\/p>\n","protected":false},"author":1,"featured_media":0,"parent":0,"menu_order":0,"comment_status":"closed","ping_status":"closed","template":"page-fullwidth.php","meta":[],"_links":{"self":[{"href":"https:\/\/12ape.org\/wp2\/wp-json\/wp\/v2\/pages\/209"}],"collection":[{"href":"https:\/\/12ape.org\/wp2\/wp-json\/wp\/v2\/pages"}],"about":[{"href":"https:\/\/12ape.org\/wp2\/wp-json\/wp\/v2\/types\/page"}],"author":[{"embeddable":true,"href":"https:\/\/12ape.org\/wp2\/wp-json\/wp\/v2\/users\/1"}],"replies":[{"embeddable":true,"href":"https:\/\/12ape.org\/wp2\/wp-json\/wp\/v2\/comments?post=209"}],"version-history":[{"count":59,"href":"https:\/\/12ape.org\/wp2\/wp-json\/wp\/v2\/pages\/209\/revisions"}],"predecessor-version":[{"id":2666,"href":"https:\/\/12ape.org\/wp2\/wp-json\/wp\/v2\/pages\/209\/revisions\/2666"}],"wp:attachment":[{"href":"https:\/\/12ape.org\/wp2\/wp-json\/wp\/v2\/media?parent=209"}],"curies":[{"name":"wp","href":"https:\/\/api.w.org\/{rel}","templated":true}]}}