{"id":2716,"date":"2021-01-05T17:45:17","date_gmt":"2021-01-05T17:45:17","guid":{"rendered":"https:\/\/12ape.org\/wp2\/?page_id=2716"},"modified":"2021-11-03T18:36:05","modified_gmt":"2021-11-03T18:36:05","slug":"asesoria-legal-2021","status":"publish","type":"page","link":"https:\/\/12ape.org\/wp2\/asesoria-legal-2021\/","title":{"rendered":"ASESOR\u00cdA LEGAL 2021"},"content":{"rendered":"\t\t<div class=\"elementor elementor-2716\">\n\t\t\t<div class=\"elementor-inner\">\n\t\t\t\t<div class=\"elementor-section-wrap\">\n\t\t\t\t\t\t\t<section data-id=\"5a05114\" class=\"elementor-element elementor-element-5a05114 elementor-section-boxed elementor-section-height-default elementor-section-height-default elementor-section elementor-top-section\" data-element_type=\"section\">\n\t\t\t\t\t\t<div class=\"elementor-container elementor-column-gap-default\">\n\t\t\t\t<div class=\"elementor-row\">\n\t\t\t\t<div data-id=\"8f8054f\" class=\"elementor-element elementor-element-8f8054f elementor-column elementor-col-66 elementor-top-column\" data-element_type=\"column\">\n\t\t\t<div class=\"elementor-column-wrap elementor-element-populated\">\n\t\t\t\t\t<div class=\"elementor-widget-wrap\">\n\t\t\t\t<div data-id=\"92e2c48\" class=\"elementor-element elementor-element-92e2c48 elementor-widget elementor-widget-heading\" data-element_type=\"heading.default\">\n\t\t\t\t<div class=\"elementor-widget-container\">\n\t\t\t<h2 class=\"elementor-heading-title elementor-size-default\">ASESOR\u00cdA LEGAL 2021<\/h2>\t\t<\/div>\n\t\t\t\t<\/div>\n\t\t\t\t<div data-id=\"aae17bd\" class=\"elementor-element elementor-element-aae17bd elementor-widget elementor-widget-icon-list\" data-element_type=\"icon-list.default\">\n\t\t\t\t<div class=\"elementor-widget-container\">\n\t\t\t\t\t<ul class=\"elementor-icon-list-items\">\n\t\t\t\t\t\t\t<li class=\"elementor-icon-list-item\" >\n\t\t\t\t\t<a href=\"https:\/\/12ape.org\/wp2\/wp-content\/uploads\/2021\/11\/NOTA_INFORMATIVA_N_098_AL_2021_TRIBUNAL_DE_SUNAFIL_SE_PRONUNCIA_SOBRE_LA_LICENCIA_CON_GOCE_DE_HABER_ES_COMPENSABLE_CON_LA_LIQUIDACI\u00d3N.pdf\">\t\t\t\t\t\t<span class=\"elementor-icon-list-icon\">\n\t\t\t\t\t\t\t<i class=\"fa fa-check\" aria-hidden=\"true\"><\/i>\n\t\t\t\t\t\t<\/span>\n\t\t\t\t\t\t\t\t\t\t<span class=\"elementor-icon-list-text\">NOTA INFORMATIVA N\u00ba 098 -AL-2021 TRIBUNAL DE SUNAFIL SE PRONUNCIA SOBRE LA LICENCIA CON GOCE DE HABER ES COMPENSABLE CON LA LIQUIDACI\u00d3N. <\/span>\n\t\t\t\t\t\t\t\t\t\t\t<\/a>\n\t\t\t\t\t\t\t\t\t<\/li>\n\t\t\t\t\t\t\t\t<li class=\"elementor-icon-list-item\" >\n\t\t\t\t\t<a href=\"https:\/\/12ape.org\/wp2\/wp-content\/uploads\/2021\/11\/NOTA_INFORMATIVA_N_097_AL_2021_INDECOPI_SANCIONA_A_UNA_ASOCIACI\u00d3N_POR_HABER_QUEDADO_ACREDITADO_QUE_NO_ADOPT\u00d3_LAS_MEDIDAS_EX_POST_INMEDIATAS_FRENTE_AL_PRESUNTO_MALTRATO_F\u00cdS.pdf\">\t\t\t\t\t\t<span class=\"elementor-icon-list-icon\">\n\t\t\t\t\t\t\t<i class=\"fa fa-check\" aria-hidden=\"true\"><\/i>\n\t\t\t\t\t\t<\/span>\n\t\t\t\t\t\t\t\t\t\t<span class=\"elementor-icon-list-text\">NOTA INFORMATIVA N\u00ba 097 -AL-2021 EL INDECOPI SANCIONA A UNA ASOCIACI\u00d3N POR HABER QUEDADO ACREDITADO QUE NO ADOPT\u00d3 LAS MEDIDAS EX POST INMEDIATAS, FRENTE AL PRESUNTO MALTRATO F\u00cdSICO Y PSICOL\u00d3GICO DE UN ESTUDIANTE POR SU TUTOR EDUCATIVO. <\/span>\n\t\t\t\t\t\t\t\t\t\t\t<\/a>\n\t\t\t\t\t\t\t\t\t<\/li>\n\t\t\t\t\t\t\t\t<li class=\"elementor-icon-list-item\" >\n\t\t\t\t\t<a href=\"https:\/\/12ape.org\/wp2\/wp-content\/uploads\/2021\/11\/NOTA_INFORMATIVA_N_096_AL_2021_TRIBUNAL_DE_SUNAFIL_ACLARA_SOBRE_EL_TRABAJO_EN_SOBRETIEMPO.pdf\">\t\t\t\t\t\t<span class=\"elementor-icon-list-icon\">\n\t\t\t\t\t\t\t<i class=\"fa fa-check\" aria-hidden=\"true\"><\/i>\n\t\t\t\t\t\t<\/span>\n\t\t\t\t\t\t\t\t\t\t<span class=\"elementor-icon-list-text\">NOTA INFORMATIVA N\u00ba 096 -AL-2021 TRIBUNAL DE SUNAFIL ACLARA SOBRE EL TRABAJO EN SOBRETIEMPO <\/span>\n\t\t\t\t\t\t\t\t\t\t\t<\/a>\n\t\t\t\t\t\t\t\t\t<\/li>\n\t\t\t\t\t\t\t\t<li class=\"elementor-icon-list-item\" >\n\t\t\t\t\t<a href=\"https:\/\/12ape.org\/wp2\/wp-content\/uploads\/2021\/10\/NOTA_INFORMATIVA_N_095_AL_2021_EL_INDECOPI_NO_TIENE_COMPETENCIA_PARA_CUESTIONAR_LA_CUANT\u00cdA_DEL_PRECIO_QUE_EL_PROVEEDOR_PAGA_POR_DETERMINADAS_PRESTACIONES.pdf\" target=\"_blank\">\t\t\t\t\t\t<span class=\"elementor-icon-list-icon\">\n\t\t\t\t\t\t\t<i class=\"fa fa-check\" aria-hidden=\"true\"><\/i>\n\t\t\t\t\t\t<\/span>\n\t\t\t\t\t\t\t\t\t\t<span class=\"elementor-icon-list-text\">NOTA INFORMATIVA N\u00ba 095 -AL-2021 EL INDECOPI NO TIENE COMPETENCIA PARA CUESTIONAR LA CUANT\u00cdA DEL PRECIO QUE EL PROVEEDOR PAGA POR DETERMINADAS PRESTACIONES. <\/span>\n\t\t\t\t\t\t\t\t\t\t\t<\/a>\n\t\t\t\t\t\t\t\t\t<\/li>\n\t\t\t\t\t\t\t\t<li class=\"elementor-icon-list-item\" >\n\t\t\t\t\t<a href=\"https:\/\/12ape.org\/wp2\/wp-content\/uploads\/2021\/10\/NOTA_INFORMATIVA_N_094_AL_2021_DECLARAN_D\u00cdAS_NO_LABORABLES_EN_EL_SECTOR_P\u00daBLICO_A_NIVEL_NACIONAL.pdf\" target=\"_blank\">\t\t\t\t\t\t<span class=\"elementor-icon-list-icon\">\n\t\t\t\t\t\t\t<i class=\"fa fa-check\" aria-hidden=\"true\"><\/i>\n\t\t\t\t\t\t<\/span>\n\t\t\t\t\t\t\t\t\t\t<span class=\"elementor-icon-list-text\">NOTA INFORMATIVA N\u00ba 094 -AL-2021 DECLARAN D\u00cdAS NO LABORABLES EN EL SECTOR P\u00daBLICO A NIVEL NACIONAL <\/span>\n\t\t\t\t\t\t\t\t\t\t\t<\/a>\n\t\t\t\t\t\t\t\t\t<\/li>\n\t\t\t\t\t\t\t\t<li class=\"elementor-icon-list-item\" >\n\t\t\t\t\t<a href=\"https:\/\/12ape.org\/wp2\/wp-content\/uploads\/2021\/10\/NOTA_INFORMATIVA_N_093_AL_2021_ESTABLECE_MEDIDAS_QUE_DEBE_SEGUIR_LA_CIUDADAN\u00cdA_EN_LA_NUEVA_CONVIVENCIA_SOCIAL.pdf\">\t\t\t\t\t\t<span class=\"elementor-icon-list-icon\">\n\t\t\t\t\t\t\t<i class=\"fa fa-check\" aria-hidden=\"true\"><\/i>\n\t\t\t\t\t\t<\/span>\n\t\t\t\t\t\t\t\t\t\t<span class=\"elementor-icon-list-text\">NOTA INFORMATIVA N\u00ba 093-AL-2021 ESTABLECE MEDIDAS QUE DEBE SEGUIR LA CIUDADAN\u00cdA EN LA NUEVA CONVIVENCIA SOCIAL<\/span>\n\t\t\t\t\t\t\t\t\t\t\t<\/a>\n\t\t\t\t\t\t\t\t\t<\/li>\n\t\t\t\t\t\t\t\t<li class=\"elementor-icon-list-item\" >\n\t\t\t\t\t<a href=\"https:\/\/12ape.org\/wp2\/wp-content\/uploads\/2021\/10\/NOTA_INFORMATIVA_N_092_AL_2021_SUPERVISI\u00d3N_ORIENTATIVA_POR_PARTE_DE_LA_GERENCIA_DE_SUPERVISI\u00d3N_Y_FISCALIZACI\u00d3N_DEL_INDECOPI.pdf\" target=\"_blank\">\t\t\t\t\t\t<span class=\"elementor-icon-list-icon\">\n\t\t\t\t\t\t\t<i class=\"fa fa-check\" aria-hidden=\"true\"><\/i>\n\t\t\t\t\t\t<\/span>\n\t\t\t\t\t\t\t\t\t\t<span class=\"elementor-icon-list-text\">NOTA INFORMATIVA N\u00ba 092 -AL-2021 SUPERVISI\u00d3N ORIENTATIVA POR PARTE DE LA GERENCIA DE SUPERVISI\u00d3N Y FISCALIZACI\u00d3N DEL INDECOPI <\/span>\n\t\t\t\t\t\t\t\t\t\t\t<\/a>\n\t\t\t\t\t\t\t\t\t<\/li>\n\t\t\t\t\t\t\t\t<li class=\"elementor-icon-list-item\" >\n\t\t\t\t\t<a href=\"https:\/\/12ape.org\/wp2\/wp-content\/uploads\/2021\/07\/NOTA_INFORMATIVA_N_072_AL_2021_PR\u00d3RROGA_DEL_ESTADO_DE_EMERGENCIA_NACIONAL_HASTA_EL_31_DE_AGOSTO_2021.pdf\" target=\"_blank\">\t\t\t\t\t\t<span class=\"elementor-icon-list-icon\">\n\t\t\t\t\t\t\t<i class=\"fa fa-check\" aria-hidden=\"true\"><\/i>\n\t\t\t\t\t\t<\/span>\n\t\t\t\t\t\t\t\t\t\t<span class=\"elementor-icon-list-text\">NOTA INFORMATIVA N 072 AL 2021 PR\u00d3RROGA DEL ESTADO DE EMERGENCIA NACIONAL HASTA EL 31 DE AGOSTO 2021<\/span>\n\t\t\t\t\t\t\t\t\t\t\t<\/a>\n\t\t\t\t\t\t\t\t\t<\/li>\n\t\t\t\t\t\t\t\t<li class=\"elementor-icon-list-item\" >\n\t\t\t\t\t<a href=\"https:\/\/12ape.org\/wp2\/wp-content\/uploads\/2021\/07\/NOTA_INFORMATIVA_N_071_AL_2021_EL_USO_DE_LA_CASILLA_ELECTR\u00d3NICA_DE_LA_SUNAFIL_ES_OBLIGATORIO.pdf\" target=\"_blank\">\t\t\t\t\t\t<span class=\"elementor-icon-list-icon\">\n\t\t\t\t\t\t\t<i class=\"fa fa-check\" aria-hidden=\"true\"><\/i>\n\t\t\t\t\t\t<\/span>\n\t\t\t\t\t\t\t\t\t\t<span class=\"elementor-icon-list-text\">NOTA INFORMATIVA N 071 AL 2021 EL USO DE LA CASILLA ELECTR\u00d3NICA DE LA SUNAFIL ES OBLIGATORIONOTA INFORMATIVA N 072 AL 2021 PR\u00d3RROGA DEL ESTADO DE EMERGENCIA NACIONAL HASTA EL 31 DE AGOSTO 2021<\/span>\n\t\t\t\t\t\t\t\t\t\t\t<\/a>\n\t\t\t\t\t\t\t\t\t<\/li>\n\t\t\t\t\t\t\t\t<li class=\"elementor-icon-list-item\" >\n\t\t\t\t\t<a href=\"https:\/\/12ape.org\/wp2\/wp-content\/uploads\/2021\/07\/NOTA_INFORMATIVA_N_070_AL_2021_CARECE_DE_RAZONABILIDAD_NOTIFICAR_AL_PADRE_DE_UN_ESTUDIANTE_EL_MSMO_D\u00cdA_EN_QUE_VENCE_EL_PAGO_DE_LA_\u00daLTIMA_PENSI\u00d3N_DE_ENSE\u00d1ANZA.pdf\" target=\"_blank\">\t\t\t\t\t\t<span class=\"elementor-icon-list-icon\">\n\t\t\t\t\t\t\t<i class=\"fa fa-check\" aria-hidden=\"true\"><\/i>\n\t\t\t\t\t\t<\/span>\n\t\t\t\t\t\t\t\t\t\t<span class=\"elementor-icon-list-text\">NOTA INFORMATIVA N 070 AL 2021 CARECE DE RAZONABILIDAD NOTIFICAR AL PADRE DE UN ESTUDIANTE EL MSMO D\u00cdA EN QUE VENCE EL PAGO DE LA \u00daLTIMA PENSI\u00d3N DE ENSE\u00d1ANZA<\/span>\n\t\t\t\t\t\t\t\t\t\t\t<\/a>\n\t\t\t\t\t\t\t\t\t<\/li>\n\t\t\t\t\t\t\t\t<li class=\"elementor-icon-list-item\" >\n\t\t\t\t\t<a href=\"https:\/\/12ape.org\/wp2\/wp-content\/uploads\/2021\/07\/NOTA_INFORMATIVA_N_069_AL_2021_LINEAMIENTOS_APRENDO_EN_CASA_APRENDO_EN_ESCUIELA_Y_APRENDO_EN_COMUNIDAD_1_.pdf\" target=\"_blank\">\t\t\t\t\t\t<span class=\"elementor-icon-list-icon\">\n\t\t\t\t\t\t\t<i class=\"fa fa-check\" aria-hidden=\"true\"><\/i>\n\t\t\t\t\t\t<\/span>\n\t\t\t\t\t\t\t\t\t\t<span class=\"elementor-icon-list-text\">NOTA INFORMATIVA N 069 AL 2021 LINEAMIENTOS APRENDO EN CASA APRENDO EN ESCUIELA Y APRENDO EN COMUNIDAD<\/span>\n\t\t\t\t\t\t\t\t\t\t\t<\/a>\n\t\t\t\t\t\t\t\t\t<\/li>\n\t\t\t\t\t\t\t\t<li class=\"elementor-icon-list-item\" >\n\t\t\t\t\t<a href=\"https:\/\/12ape.org\/wp2\/wp-content\/uploads\/2021\/07\/NOTA_INFORMATIVA_N_068_AL_2021_ESTRATEGIA_PARA_EL_BUEN_RETORNO_DEL_A\u00d1O_ESCOLAR_Y_LA_CONSOLIDACI\u00d3N_DE_APRENDIZAJES_2021_2022_BRAE_CA_2021_2022.pdf\" target=\"_blank\">\t\t\t\t\t\t<span class=\"elementor-icon-list-icon\">\n\t\t\t\t\t\t\t<i class=\"fa fa-check\" aria-hidden=\"true\"><\/i>\n\t\t\t\t\t\t<\/span>\n\t\t\t\t\t\t\t\t\t\t<span class=\"elementor-icon-list-text\">NOTA INFORMATIVA N 068 AL 2021 ESTRATEGIA PARA EL BUEN RETORNO DEL A\u00d1O ESCOLAR Y LA CONSOLIDACI\u00d3N DE APRENDIZAJES 2021 2022 BRAE CA 2021 2022<\/span>\n\t\t\t\t\t\t\t\t\t\t\t<\/a>\n\t\t\t\t\t\t\t\t\t<\/li>\n\t\t\t\t\t\t\t\t<li class=\"elementor-icon-list-item\" >\n\t\t\t\t\t<a href=\"https:\/\/12ape.org\/wp2\/wp-content\/uploads\/2021\/07\/NOTA_INFORMATIVA_N_067_AL_2021_MODIFICA_EL_REGLAMENTO_DE_LA_LEY_GENERAL_DE_INSPECCI\u00d3N_DEL_TRABAJO.pdf\" target=\"_blank\">\t\t\t\t\t\t<span class=\"elementor-icon-list-icon\">\n\t\t\t\t\t\t\t<i class=\"fa fa-check\" aria-hidden=\"true\"><\/i>\n\t\t\t\t\t\t<\/span>\n\t\t\t\t\t\t\t\t\t\t<span class=\"elementor-icon-list-text\">NOTA INFORMATIVA N 067 AL 2021 MODIFICA EL REGLAMENTO DE LA LEY GENERAL DE INSPECCI\u00d3N DEL TRABAJO<\/span>\n\t\t\t\t\t\t\t\t\t\t\t<\/a>\n\t\t\t\t\t\t\t\t\t<\/li>\n\t\t\t\t\t\t\t\t<li class=\"elementor-icon-list-item\" >\n\t\t\t\t\t<a href=\"https:\/\/12ape.org\/wp2\/wp-content\/uploads\/2021\/07\/NOTA_INFORMATIVA_N_062_AL_2021_MODIFICAN_LA_LEY_DE_SEGURIDAD_Y_SALUD_ANTE_RIESGO_EPIDEMIOL\u00d3GICO_Y_SANITARIO.pdf\" target=\"_blank\">\t\t\t\t\t\t<span class=\"elementor-icon-list-icon\">\n\t\t\t\t\t\t\t<i class=\"fa fa-check\" aria-hidden=\"true\"><\/i>\n\t\t\t\t\t\t<\/span>\n\t\t\t\t\t\t\t\t\t\t<span class=\"elementor-icon-list-text\">NOTA INFORMATIVA N 062 AL 2021 MODIFICAN LA LEY DE SEGURIDAD Y SALUD ANTE RIESGO EPIDEMIOL\u00d3GICO Y SANITARIO<\/span>\n\t\t\t\t\t\t\t\t\t\t\t<\/a>\n\t\t\t\t\t\t\t\t\t<\/li>\n\t\t\t\t\t\t\t\t<li class=\"elementor-icon-list-item\" >\n\t\t\t\t\t<a href=\"https:\/\/12ape.org\/wp2\/wp-content\/uploads\/2021\/07\/NOTA_INFORMATIVA_N_061_AL_2021_PR\u00d3RROGA_DEL_TRABAJO_REMOTO_EN_EL_SECTOR_P\u00daBLICO_Y_PRIVADO.pdf\" target=\"_blank\">\t\t\t\t\t\t<span class=\"elementor-icon-list-icon\">\n\t\t\t\t\t\t\t<i class=\"fa fa-check\" aria-hidden=\"true\"><\/i>\n\t\t\t\t\t\t<\/span>\n\t\t\t\t\t\t\t\t\t\t<span class=\"elementor-icon-list-text\">NOTA INFORMATIVA N 061 AL 2021 PR\u00d3RROGA DEL TRABAJO REMOTO EN EL SECTOR P\u00daBLICO Y PRIVADO<\/span>\n\t\t\t\t\t\t\t\t\t\t\t<\/a>\n\t\t\t\t\t\t\t\t\t<\/li>\n\t\t\t\t\t\t\t\t<li class=\"elementor-icon-list-item\" >\n\t\t\t\t\t<a href=\"https:\/\/12ape.org\/wp2\/wp-content\/uploads\/2021\/06\/Aut\u00f3grafa-de-la-Ley-Isela-S\u00e1nchez-Asesor\u00eda-Legal.pdf\" target=\"_blank\">\t\t\t\t\t\t<span class=\"elementor-icon-list-icon\">\n\t\t\t\t\t\t\t<i class=\"fa fa-check\" aria-hidden=\"true\"><\/i>\n\t\t\t\t\t\t<\/span>\n\t\t\t\t\t\t\t\t\t\t<span class=\"elementor-icon-list-text\">AUT\u00d3GRAFA DE LA LEY - ISELA S\u00c1NCHEZ<\/span>\n\t\t\t\t\t\t\t\t\t\t\t<\/a>\n\t\t\t\t\t\t\t\t\t<\/li>\n\t\t\t\t\t\t\t\t<li class=\"elementor-icon-list-item\" >\n\t\t\t\t\t<a href=\"https:\/\/12ape.org\/wp2\/wp-content\/uploads\/2021\/06\/Supervisiones-Isela-S\u00e1nchez-Asesor\u00eda-Legal.pdf\" target=\"_blank\">\t\t\t\t\t\t<span class=\"elementor-icon-list-icon\">\n\t\t\t\t\t\t\t<i class=\"fa fa-check\" aria-hidden=\"true\"><\/i>\n\t\t\t\t\t\t<\/span>\n\t\t\t\t\t\t\t\t\t\t<span class=\"elementor-icon-list-text\">SUPERVISIONES - ISELA S\u00c1NCHEZ<\/span>\n\t\t\t\t\t\t\t\t\t\t\t<\/a>\n\t\t\t\t\t\t\t\t\t<\/li>\n\t\t\t\t\t\t\t\t<li class=\"elementor-icon-list-item\" >\n\t\t\t\t\t<a href=\"https:\/\/12ape.org\/wp2\/wp-content\/uploads\/2021\/06\/NOTA_INFORMATIVA_N_060_AL_2021_FACILIDADES_A_MIEMBROS_DE_MESA_Y_ELECTORES_EN_EL_MARCO_DE_LA_SEGUNDA_VUELTA_CORRESPONDIENTE_A_LAS_ELECCIONES_GENERALES.pdf\" target=\"_blank\">\t\t\t\t\t\t<span class=\"elementor-icon-list-icon\">\n\t\t\t\t\t\t\t<i class=\"fa fa-check\" aria-hidden=\"true\"><\/i>\n\t\t\t\t\t\t<\/span>\n\t\t\t\t\t\t\t\t\t\t<span class=\"elementor-icon-list-text\">NOTA INFORMATIVA N 060 FACILIDADES A MIEMBROS DE MESA Y ELECTORES EN EL MARCO DE LA SEGUNDA VUELTA CORRESPONDIENTE A LAS ELECCIONES GENERALES <\/span>\n\t\t\t\t\t\t\t\t\t\t\t<\/a>\n\t\t\t\t\t\t\t\t\t<\/li>\n\t\t\t\t\t\t\t\t<li class=\"elementor-icon-list-item\" >\n\t\t\t\t\t<a href=\"https:\/\/12ape.org\/wp2\/wp-content\/uploads\/2021\/06\/NOTA_INFORMATIVA_N_059_AL_2021_SUNAFIL_SEGUNDA_LISTA_DE_EMPRESAS_QUE_DECLARAN_NO_TENER_COMIT\u00c9_DE_SST.pdf\" target=\"_blank\">\t\t\t\t\t\t<span class=\"elementor-icon-list-icon\">\n\t\t\t\t\t\t\t<i class=\"fa fa-check\" aria-hidden=\"true\"><\/i>\n\t\t\t\t\t\t<\/span>\n\t\t\t\t\t\t\t\t\t\t<span class=\"elementor-icon-list-text\">NOTA INFORMATIVA N 059 SUNAFIL HACE P\u00daBLICA SEGUNDA LISTA DE EMPRESAS QUE DECLARAN NO TENER COMIT\u00c9 DE SEGURIDAD Y SALUD EN EL TRABAJO <\/span>\n\t\t\t\t\t\t\t\t\t\t\t<\/a>\n\t\t\t\t\t\t\t\t\t<\/li>\n\t\t\t\t\t\t\t\t<li class=\"elementor-icon-list-item\" >\n\t\t\t\t\t<a href=\"https:\/\/12ape.org\/wp2\/wp-content\/uploads\/2021\/06\/NOTA_INFORMATIVA_N_058_AL_2021_PROTOCOLOS_SANITARIOS_ESTABLECIDOS_PARA_LA_SEGUNDA_VUELTA_ELECTORAL_2021.pdf\" target=\"_blank\">\t\t\t\t\t\t<span class=\"elementor-icon-list-icon\">\n\t\t\t\t\t\t\t<i class=\"fa fa-check\" aria-hidden=\"true\"><\/i>\n\t\t\t\t\t\t<\/span>\n\t\t\t\t\t\t\t\t\t\t<span class=\"elementor-icon-list-text\">NOTA INFORMATIVA N 058  PROTOCOLOS SANITARIOS ESTABLECIDOS PARA LA SEGUNDA VUELTA ELECTORAL 2021<\/span>\n\t\t\t\t\t\t\t\t\t\t\t<\/a>\n\t\t\t\t\t\t\t\t\t<\/li>\n\t\t\t\t\t\t\t\t<li class=\"elementor-icon-list-item\" >\n\t\t\t\t\t<a href=\"https:\/\/12ape.org\/wp2\/wp-content\/uploads\/2021\/06\/NOTA_INFORMATIVA_N_057_AL_2021_IMPLEMENTACI\u00d3N_Y_EL_USO_PREFERENTE_DE_LOS_MECANISMOS_DIGITALES_Y_GRATUITOS_PARA_LA_VERIFICACI\u00d3N_DE_LA_TRAYECTORIA.pdf\" target=\"_blank\">\t\t\t\t\t\t<span class=\"elementor-icon-list-icon\">\n\t\t\t\t\t\t\t<i class=\"fa fa-check\" aria-hidden=\"true\"><\/i>\n\t\t\t\t\t\t<\/span>\n\t\t\t\t\t\t\t\t\t\t<span class=\"elementor-icon-list-text\">NOTA INFORMATIVA N 057 IMPLEMENTACI\u00d3N Y EL USO PREFERENTE DE LOS MECANISMOS DIGITALES Y GRATUITOS PARA LA VERIFICACI\u00d3N DE LA TRAYECTORIA EDUCATIVA EN LOS NIVELES B\u00c1SICO, T\u00c9CNICO-PRODUCTIVA Y SUPERIOR NO UNIVERSITARIA<\/span>\n\t\t\t\t\t\t\t\t\t\t\t<\/a>\n\t\t\t\t\t\t\t\t\t<\/li>\n\t\t\t\t\t\t\t\t<li class=\"elementor-icon-list-item\" >\n\t\t\t\t\t<a href=\"https:\/\/12ape.org\/wp2\/wp-content\/uploads\/2021\/06\/NOTA_INFORMATIVA_N_056_AL_2021_SUPERVISI\u00d3N_ORIENTATIVA_POR_PARTE_DE_LA_GERENCIA_DE_SUPERVISI\u00d3N_Y_FISCALIZACI\u00d3N_DEL_INDECOPI.pdf\" target=\"_blank\">\t\t\t\t\t\t<span class=\"elementor-icon-list-icon\">\n\t\t\t\t\t\t\t<i class=\"fa fa-check\" aria-hidden=\"true\"><\/i>\n\t\t\t\t\t\t<\/span>\n\t\t\t\t\t\t\t\t\t\t<span class=\"elementor-icon-list-text\">NOTA INFORMATIVA N 056 SUPERVISI\u00d3N ORIENTATIVA POR PARTE DE LA GERENCIA DE SUPERVISI\u00d3N Y FISCALIZACI\u00d3N DEL INDECOPI<\/span>\n\t\t\t\t\t\t\t\t\t\t\t<\/a>\n\t\t\t\t\t\t\t\t\t<\/li>\n\t\t\t\t\t\t\t\t<li class=\"elementor-icon-list-item\" >\n\t\t\t\t\t<a href=\"https:\/\/12ape.org\/wp2\/wp-content\/uploads\/2021\/06\/NOTA_INFORMATIVA_N_055_AL_2021_REGLAS_PARA_EL_DESARROLLO_DE_LAS_ACCIONES_DE_ORIENTACI\u00d3N_EN_EL_MARCO_DE_LA_PREVENCI\u00d3N_DEL_SIT.pdf\" target=\"_blank\">\t\t\t\t\t\t<span class=\"elementor-icon-list-icon\">\n\t\t\t\t\t\t\t<i class=\"fa fa-check\" aria-hidden=\"true\"><\/i>\n\t\t\t\t\t\t<\/span>\n\t\t\t\t\t\t\t\t\t\t<span class=\"elementor-icon-list-text\">NOTA INFORMATIVA N 055 REGLAS PARA EL DESARROLLO DE LAS ACCIONES DE ORIENTACI\u00d3N EN EL MARCO DE LA PREVENCI\u00d3N DEL SISTEMA DE INSPECCI\u00d3N DEL TRABAJO <\/span>\n\t\t\t\t\t\t\t\t\t\t\t<\/a>\n\t\t\t\t\t\t\t\t\t<\/li>\n\t\t\t\t\t\t\t\t<li class=\"elementor-icon-list-item\" >\n\t\t\t\t\t<a href=\"https:\/\/12ape.org\/wp2\/wp-content\/uploads\/2021\/06\/NOTA_INFORMATIVA_N_054_AL_2021_MODIFICAN_LAS_DISPOSICIONES_PARA_LA_PRESTACI\u00d3N_DEL_SERVICIO_EDUCATIVO.pdf\" target=\"_blank\">\t\t\t\t\t\t<span class=\"elementor-icon-list-icon\">\n\t\t\t\t\t\t\t<i class=\"fa fa-check\" aria-hidden=\"true\"><\/i>\n\t\t\t\t\t\t<\/span>\n\t\t\t\t\t\t\t\t\t\t<span class=\"elementor-icon-list-text\">NOTA INFORMATIVA N 054 MODIFICAN LAS DISPOSICIONES PARA LA PRESTACI\u00d3N DEL SERVICIO EDUCATIVO DE EDUCACI\u00d3N B\u00c1SICA, EN EL MARCO DE LA EMERGENCIA SANITARIA DE LA COVID-19<\/span>\n\t\t\t\t\t\t\t\t\t\t\t<\/a>\n\t\t\t\t\t\t\t\t\t<\/li>\n\t\t\t\t\t\t\t\t<li class=\"elementor-icon-list-item\" >\n\t\t\t\t\t<a href=\"https:\/\/12ape.org\/wp2\/wp-content\/uploads\/2021\/06\/NOTA_INFORMATIVA_N_053_AL_2021_PROCEDIMIENTO_OPERATIVO_PO_DE_LA_LEY_N_31192.pdf\" target=\"_blank\">\t\t\t\t\t\t<span class=\"elementor-icon-list-icon\">\n\t\t\t\t\t\t\t<i class=\"fa fa-check\" aria-hidden=\"true\"><\/i>\n\t\t\t\t\t\t<\/span>\n\t\t\t\t\t\t\t\t\t\t<span class=\"elementor-icon-list-text\">NOTA INFORMATIVA N 053 PROCEDIMIENTO OPERATIVO PARA EL RETIRO FACULTATIVO DE FONDOS EN EL SPP ESTABLECIDO EN LA LEY N\u00b0 31192<\/span>\n\t\t\t\t\t\t\t\t\t\t\t<\/a>\n\t\t\t\t\t\t\t\t\t<\/li>\n\t\t\t\t\t\t\t\t<li class=\"elementor-icon-list-item\" >\n\t\t\t\t\t<a href=\"https:\/\/12ape.org\/wp2\/wp-content\/uploads\/2021\/06\/NOTA_INFORMATIVA_N_049_AL_2021_NUEVAS_MEDIDAS_Y_RESTRICCIONES.pdf\" target=\"_blank\">\t\t\t\t\t\t<span class=\"elementor-icon-list-icon\">\n\t\t\t\t\t\t\t<i class=\"fa fa-check\" aria-hidden=\"true\"><\/i>\n\t\t\t\t\t\t<\/span>\n\t\t\t\t\t\t\t\t\t\t<span class=\"elementor-icon-list-text\">NOTA INFORMATIVA N 049 NUEVAS MEDIDAS Y RESTRICCIONES<\/span>\n\t\t\t\t\t\t\t\t\t\t\t<\/a>\n\t\t\t\t\t\t\t\t\t<\/li>\n\t\t\t\t\t\t\t\t<li class=\"elementor-icon-list-item\" >\n\t\t\t\t\t<a href=\"https:\/\/12ape.org\/wp2\/wp-content\/uploads\/2021\/06\/NOTA_INFORMATIVA_N_048_AL_2021_MODIFICAN_ALGUNOS_ASPECTOS_DEL_PROGRAMA__REACTIVA_PER\u00da_.pdf\" target=\"_blank\">\t\t\t\t\t\t<span class=\"elementor-icon-list-icon\">\n\t\t\t\t\t\t\t<i class=\"fa fa-check\" aria-hidden=\"true\"><\/i>\n\t\t\t\t\t\t<\/span>\n\t\t\t\t\t\t\t\t\t\t<span class=\"elementor-icon-list-text\">NOTA INFORMATIVA N 048 MODIFICAN ALGUNOS ASPECTOS DEL PROGRAMA \u201cREACTIVA PER\u00da\u201d<\/span>\n\t\t\t\t\t\t\t\t\t\t\t<\/a>\n\t\t\t\t\t\t\t\t\t<\/li>\n\t\t\t\t\t\t\t\t<li class=\"elementor-icon-list-item\" >\n\t\t\t\t\t<a href=\"https:\/\/12ape.org\/wp2\/wp-content\/uploads\/2021\/06\/NOTA_INFORMATIVA_N_047_AL_2021_SIMPLIFICAN_PROCEDIMIENTOS_Y_SERVICIOS_BRINDADOS_EN_EXCLUSIVIDAD_DEL_ESSALUD.pdf\" target=\"_blank\">\t\t\t\t\t\t<span class=\"elementor-icon-list-icon\">\n\t\t\t\t\t\t\t<i class=\"fa fa-check\" aria-hidden=\"true\"><\/i>\n\t\t\t\t\t\t<\/span>\n\t\t\t\t\t\t\t\t\t\t<span class=\"elementor-icon-list-text\">NOTA INFORMATIVA N 047SIMPLIFICAN PROCEDIMIENTOS Y SERVICIOS BRINDADOS EN EXCLUSIVIDAD DEL ESSALUD<\/span>\n\t\t\t\t\t\t\t\t\t\t\t<\/a>\n\t\t\t\t\t\t\t\t\t<\/li>\n\t\t\t\t\t\t\t\t<li class=\"elementor-icon-list-item\" >\n\t\t\t\t\t<a href=\"https:\/\/12ape.org\/wp2\/wp-content\/uploads\/2021\/06\/NOTA_INFORMATIVA_N_046_AL_2021_DISPOSICI\u00d3N_DE_LA_CTS_A_FIN_DE_CUBRIR_LAS_NECESIDADES_ECON\u00d3MICAS_CAUSADAS_POR_LA_PANDEMIA_DEL_COVID.pdf\" target=\"_blank\">\t\t\t\t\t\t<span class=\"elementor-icon-list-icon\">\n\t\t\t\t\t\t\t<i class=\"fa fa-check\" aria-hidden=\"true\"><\/i>\n\t\t\t\t\t\t<\/span>\n\t\t\t\t\t\t\t\t\t\t<span class=\"elementor-icon-list-text\">NOTA INFORMATIVA N 046 DISPOSICI\u00d3N DE LA CTS PARA CUBRIR LAS NECESIDADES ECON\u00d3MICAS CAUSADAS POR LA PANDEMIA DEL COVID-19<\/span>\n\t\t\t\t\t\t\t\t\t\t\t<\/a>\n\t\t\t\t\t\t\t\t\t<\/li>\n\t\t\t\t\t\t\t\t<li class=\"elementor-icon-list-item\" >\n\t\t\t\t\t<a href=\"https:\/\/12ape.org\/wp2\/wp-content\/uploads\/2021\/03\/EXP-ISELA-S\u00c1NCHEZ.pdf\" target=\"_blank\">\t\t\t\t\t\t<span class=\"elementor-icon-list-icon\">\n\t\t\t\t\t\t\t<i class=\"fa fa-check\" aria-hidden=\"true\"><\/i>\n\t\t\t\t\t\t<\/span>\n\t\t\t\t\t\t\t\t\t\t<span class=\"elementor-icon-list-text\">REGLAMENTO DE  INSTITUCIONES  EDUCATIVAS PRIVADAS DE  EDUCACI\u00d3N B\u00c1SICA <\/span>\n\t\t\t\t\t\t\t\t\t\t\t<\/a>\n\t\t\t\t\t\t\t\t\t<\/li>\n\t\t\t\t\t\t\t\t<li class=\"elementor-icon-list-item\" >\n\t\t\t\t\t<a href=\"https:\/\/12ape.org\/wp2\/wp-content\/uploads\/2021\/02\/NOTA_INFORMATIVA_N_018_AL_2021_PR\u00d3RROGA_DEL_ESTADO_DE_EMERGENCIA_Y_NUEVAS_MEDIDAS.pdf\" target=\"_blank\">\t\t\t\t\t\t<span class=\"elementor-icon-list-icon\">\n\t\t\t\t\t\t\t<i class=\"fa fa-check\" aria-hidden=\"true\"><\/i>\n\t\t\t\t\t\t<\/span>\n\t\t\t\t\t\t\t\t\t\t<span class=\"elementor-icon-list-text\">NOTA INFORMATIVA N 018 PR\u00d3RROGA DEL ESTADO DE EMERGENCIA Y NUEVAS MEDIDAS<\/span>\n\t\t\t\t\t\t\t\t\t\t\t<\/a>\n\t\t\t\t\t\t\t\t\t<\/li>\n\t\t\t\t\t\t\t\t<li class=\"elementor-icon-list-item\" >\n\t\t\t\t\t<a href=\"https:\/\/12ape.org\/wp2\/wp-content\/uploads\/2021\/01\/NOTA_INFORMATIVA_N_017_AL_2021_GU\u00cdA_DE_BUENAS_PR\u00c1CTICAS_ERGON\u00d3MICAS_PARA_EL_TRABAJO_REMOTO_DURANTE_EL_CONFINAMIENTO_POR_COVID_19.pdf\">\t\t\t\t\t\t<span class=\"elementor-icon-list-icon\">\n\t\t\t\t\t\t\t<i class=\"fa fa-check\" aria-hidden=\"true\"><\/i>\n\t\t\t\t\t\t<\/span>\n\t\t\t\t\t\t\t\t\t\t<span class=\"elementor-icon-list-text\">NOTA INFORMATIVA N 017 GU\u00cdA DE BUENAS PR\u00c1CTICAS ERGON\u00d3MICAS PARA EL TRABAJO REMOTO DURANTE EL CONFINAMIENTO POR COVID 19<\/span>\n\t\t\t\t\t\t\t\t\t\t\t<\/a>\n\t\t\t\t\t\t\t\t\t<\/li>\n\t\t\t\t\t\t\t\t<li class=\"elementor-icon-list-item\" >\n\t\t\t\t\t<a href=\"https:\/\/12ape.org\/wp2\/wp-content\/uploads\/2021\/01\/NOTA_INFORMATIVA_N_016_AL_2021_CAMPA\u00d1A_2021_CHECA_TU_COLE.pdf\">\t\t\t\t\t\t<span class=\"elementor-icon-list-icon\">\n\t\t\t\t\t\t\t<i class=\"fa fa-check\" aria-hidden=\"true\"><\/i>\n\t\t\t\t\t\t<\/span>\n\t\t\t\t\t\t\t\t\t\t<span class=\"elementor-icon-list-text\">NOTA INFORMATIVA N 016 CAMPA\u00d1A 2021 CHECA TU COLE<\/span>\n\t\t\t\t\t\t\t\t\t\t\t<\/a>\n\t\t\t\t\t\t\t\t\t<\/li>\n\t\t\t\t\t\t\t\t<li class=\"elementor-icon-list-item\" >\n\t\t\t\t\t<a href=\"https:\/\/12ape.org\/wp2\/wp-content\/uploads\/2021\/01\/NOTA_INFORMATIVA_N_015_AL_2021_NUEVOS_CRITERIOS_NORMATIVOS_DE_SUNAFIL.pdf\" target=\"_blank\">\t\t\t\t\t\t<span class=\"elementor-icon-list-icon\">\n\t\t\t\t\t\t\t<i class=\"fa fa-check\" aria-hidden=\"true\"><\/i>\n\t\t\t\t\t\t<\/span>\n\t\t\t\t\t\t\t\t\t\t<span class=\"elementor-icon-list-text\">NOTA INFORMATIVA N 015 NUEVOS CRITERIOS NORMATIVOS DE SUNAFIL<\/span>\n\t\t\t\t\t\t\t\t\t\t\t<\/a>\n\t\t\t\t\t\t\t\t\t<\/li>\n\t\t\t\t\t\t\t\t<li class=\"elementor-icon-list-item\" >\n\t\t\t\t\t<a href=\"https:\/\/12ape.org\/wp2\/wp-content\/uploads\/2021\/01\/NOTA_INFORMATIVA_N_014_AL_2021_FISCALIZACI\u00d3N_POR_INFORMACI\u00d3N_VERAZ_DECRETO_LEGISLATIVO_1476.pdf\" target=\"_blank\">\t\t\t\t\t\t<span class=\"elementor-icon-list-icon\">\n\t\t\t\t\t\t\t<i class=\"fa fa-check\" aria-hidden=\"true\"><\/i>\n\t\t\t\t\t\t<\/span>\n\t\t\t\t\t\t\t\t\t\t<span class=\"elementor-icon-list-text\">NOTA INFORMATIVA N 014 FISCALIZACI\u00d3N POR INFORMACI\u00d3N VERAZ DECRETO LEGISLATIVO 1476<\/span>\n\t\t\t\t\t\t\t\t\t\t\t<\/a>\n\t\t\t\t\t\t\t\t\t<\/li>\n\t\t\t\t\t\t\t\t<li class=\"elementor-icon-list-item\" >\n\t\t\t\t\t<a href=\"https:\/\/12ape.org\/wp2\/wp-content\/uploads\/2021\/01\/NOTA_INFORMATIVA_N_013_AL_2021_EMISI\u00d3N_DEL_CERTIFICADO_OFICIAL_DE_ESTUDIOS.pdf\">\t\t\t\t\t\t<span class=\"elementor-icon-list-icon\">\n\t\t\t\t\t\t\t<i class=\"fa fa-check\" aria-hidden=\"true\"><\/i>\n\t\t\t\t\t\t<\/span>\n\t\t\t\t\t\t\t\t\t\t<span class=\"elementor-icon-list-text\">NOTA INFORMATIVA N 013 SUNAT DISPONE LA NO SANCI\u00d3N ADMINISTRATIVAMENTE DE DETERMINADAS INFRACCIONES TRIBUTARIAS INCURRIDAS HASTA EL 15 DE MARZO DE 2020<\/span>\n\t\t\t\t\t\t\t\t\t\t\t<\/a>\n\t\t\t\t\t\t\t\t\t<\/li>\n\t\t\t\t\t\t\t\t<li class=\"elementor-icon-list-item\" >\n\t\t\t\t\t<a href=\"https:\/\/12ape.org\/wp2\/wp-content\/uploads\/2021\/01\/NOTA_INFORMATIVA_N_012_AL_2021_SUNAT_DISPONE_LA_NO_SANCI\u00d3N_ADMINISTRATIVAMENTE_DE_DETERMINADAS_INFRACCIONES_TRIBUTARIAS_INCURRIDAS_HASTA_EL_15_DE_MARZO_DE_2020.pdf\">\t\t\t\t\t\t<span class=\"elementor-icon-list-icon\">\n\t\t\t\t\t\t\t<i class=\"fa fa-check\" aria-hidden=\"true\"><\/i>\n\t\t\t\t\t\t<\/span>\n\t\t\t\t\t\t\t\t\t\t<span class=\"elementor-icon-list-text\">NOTA INFORMATIVA N 012 SUNAT DISPONE LA NO SANCI\u00d3N ADMINISTRATIVAMENTE DE DETERMINADAS INFRACCIONES TRIBUTARIAS INCURRIDAS HASTA EL 15 DE MARZO DE 2020<\/span>\n\t\t\t\t\t\t\t\t\t\t\t<\/a>\n\t\t\t\t\t\t\t\t\t<\/li>\n\t\t\t\t\t\t\t\t<li class=\"elementor-icon-list-item\" >\n\t\t\t\t\t<a href=\"https:\/\/12ape.org\/wp2\/wp-content\/uploads\/2021\/01\/NOTA_INFORMATIVA_N_011_AL_2021_NUEVAS_RESTRICCIONES.pdf\">\t\t\t\t\t\t<span class=\"elementor-icon-list-icon\">\n\t\t\t\t\t\t\t<i class=\"fa fa-check\" aria-hidden=\"true\"><\/i>\n\t\t\t\t\t\t<\/span>\n\t\t\t\t\t\t\t\t\t\t<span class=\"elementor-icon-list-text\">NOTA INFORMATIVA N 011 NUEVAS RESTRICCIONES<\/span>\n\t\t\t\t\t\t\t\t\t\t\t<\/a>\n\t\t\t\t\t\t\t\t\t<\/li>\n\t\t\t\t\t\t\t\t<li class=\"elementor-icon-list-item\" >\n\t\t\t\t\t<a href=\"https:\/\/12ape.org\/wp2\/wp-content\/uploads\/2021\/01\/NOTA_INFORMATIVA_N_010_AL_2021_OPERATIVO_DE_FISCALIZACI\u00d3N_COMIT\u00c9_SST_Y_PLAN_COVID_19.pdf\">\t\t\t\t\t\t<span class=\"elementor-icon-list-icon\">\n\t\t\t\t\t\t\t<i class=\"fa fa-check\" aria-hidden=\"true\"><\/i>\n\t\t\t\t\t\t<\/span>\n\t\t\t\t\t\t\t\t\t\t<span class=\"elementor-icon-list-text\">NOTA INFORMATIVA N 010 OPERATIVO DE FISCALIZACI\u00d3N COMIT\u00c9 SST Y PLAN COVID 19<\/span>\n\t\t\t\t\t\t\t\t\t\t\t<\/a>\n\t\t\t\t\t\t\t\t\t<\/li>\n\t\t\t\t\t\t\t\t<li class=\"elementor-icon-list-item\" >\n\t\t\t\t\t<a href=\"https:\/\/12ape.org\/wp2\/wp-content\/uploads\/2021\/01\/NOTA_INFORMATIVA_N_009_AL_2021_ANPD_INFORMA_LOS_RESULTADOS_DE_LA_FISCALIZACI\u00d3N_DEL_A\u00d1O_2020.pdf\">\t\t\t\t\t\t<span class=\"elementor-icon-list-icon\">\n\t\t\t\t\t\t\t<i class=\"fa fa-check\" aria-hidden=\"true\"><\/i>\n\t\t\t\t\t\t<\/span>\n\t\t\t\t\t\t\t\t\t\t<span class=\"elementor-icon-list-text\">NOTA INFORMATIVA N 009 ANPD INFORMA LOS RESULTADOS DE LA FISCALIZACI\u00d3N DEL A\u00d1O 2020<\/span>\n\t\t\t\t\t\t\t\t\t\t\t<\/a>\n\t\t\t\t\t\t\t\t\t<\/li>\n\t\t\t\t\t\t\t\t<li class=\"elementor-icon-list-item\" >\n\t\t\t\t\t<a href=\"https:\/\/12ape.org\/wp2\/wp-content\/uploads\/2021\/01\/NOTA_INFORMATIVA_N_008_AL_2021_RIGE_NUEVA_COBERTURA_DEL_SEGURO_DE_VIDA_LEY.pdf\">\t\t\t\t\t\t<span class=\"elementor-icon-list-icon\">\n\t\t\t\t\t\t\t<i class=\"fa fa-check\" aria-hidden=\"true\"><\/i>\n\t\t\t\t\t\t<\/span>\n\t\t\t\t\t\t\t\t\t\t<span class=\"elementor-icon-list-text\">NOTA INFORMATIVA N 008 RIGE_NUEVA_COBERTURA DEL SEGURO DE VIDA LEY<\/span>\n\t\t\t\t\t\t\t\t\t\t\t<\/a>\n\t\t\t\t\t\t\t\t\t<\/li>\n\t\t\t\t\t\t\t\t<li class=\"elementor-icon-list-item\" >\n\t\t\t\t\t<a href=\"https:\/\/12ape.org\/wp2\/wp-content\/uploads\/2021\/01\/NOTA_INFORMATIVA_N_007_AL_2021_A\u00d1O_DEL_BICENTENARIO_DEL_PER\u00da_200_A\u00d1OS_DE_INDEPENDENCIA.pdf\">\t\t\t\t\t\t<span class=\"elementor-icon-list-icon\">\n\t\t\t\t\t\t\t<i class=\"fa fa-check\" aria-hidden=\"true\"><\/i>\n\t\t\t\t\t\t<\/span>\n\t\t\t\t\t\t\t\t\t\t<span class=\"elementor-icon-list-text\">NOTA INFORMATIVA N 007 A\u00d1O DEL BICENTENARIO DEL PER\u00da 200 A\u00d1OS DE INDEPENDENCIA<\/span>\n\t\t\t\t\t\t\t\t\t\t\t<\/a>\n\t\t\t\t\t\t\t\t\t<\/li>\n\t\t\t\t\t\t\t\t<li class=\"elementor-icon-list-item\" >\n\t\t\t\t\t<a href=\"https:\/\/12ape.org\/wp2\/wp-content\/uploads\/2021\/01\/NOTA_INFORMATIVA_N_006_AL_2021_BANCOS_OBLIGADOS_A_REPORTAR_A_LA_SUNAT.pdf\">\t\t\t\t\t\t<span class=\"elementor-icon-list-icon\">\n\t\t\t\t\t\t\t<i class=\"fa fa-check\" aria-hidden=\"true\"><\/i>\n\t\t\t\t\t\t<\/span>\n\t\t\t\t\t\t\t\t\t\t<span class=\"elementor-icon-list-text\">NOTA INFORMATIVA N 006 BANCOS OBLIGADOS A REPORTAR A LA SUNAT<\/span>\n\t\t\t\t\t\t\t\t\t\t\t<\/a>\n\t\t\t\t\t\t\t\t\t<\/li>\n\t\t\t\t\t\t\t\t<li class=\"elementor-icon-list-item\" >\n\t\t\t\t\t<a href=\"https:\/\/12ape.org\/wp2\/wp-content\/uploads\/2021\/01\/NOTA_INFORMATIVA_N_005_AL_2021_NUEVA_VERSI\u00d3N_DEL_PDT_PLANILLA_ELECTR\u00d3NICA_PLAME.pdf\">\t\t\t\t\t\t<span class=\"elementor-icon-list-icon\">\n\t\t\t\t\t\t\t<i class=\"fa fa-check\" aria-hidden=\"true\"><\/i>\n\t\t\t\t\t\t<\/span>\n\t\t\t\t\t\t\t\t\t\t<span class=\"elementor-icon-list-text\">NOTA INFORMATIVA N 005 NUEVA VERSI\u00d3N DEL PDT PLANILLA ELECTR\u00d3NICA PLAME<\/span>\n\t\t\t\t\t\t\t\t\t\t\t<\/a>\n\t\t\t\t\t\t\t\t\t<\/li>\n\t\t\t\t\t\t\t\t<li class=\"elementor-icon-list-item\" >\n\t\t\t\t\t<a href=\"https:\/\/12ape.org\/wp2\/wp-content\/uploads\/2021\/01\/NOTA_INFORMATIVA_N_004_AL_2021_PR\u00d3RROGA_LA_VIGENCIA_DE_LA_EXONERACIONES_DEL_IMPUESTO_A_LA_RENTA.pdf\">\t\t\t\t\t\t<span class=\"elementor-icon-list-icon\">\n\t\t\t\t\t\t\t<i class=\"fa fa-check\" aria-hidden=\"true\"><\/i>\n\t\t\t\t\t\t<\/span>\n\t\t\t\t\t\t\t\t\t\t<span class=\"elementor-icon-list-text\">NOTA INFORMATIVA N 004 PR\u00d3RROGA LA VIGENCIA DE LA EXONERACIONES DEL IMPUESTO A LA RENTA<\/span>\n\t\t\t\t\t\t\t\t\t\t\t<\/a>\n\t\t\t\t\t\t\t\t\t<\/li>\n\t\t\t\t\t\t\t\t<li class=\"elementor-icon-list-item\" >\n\t\t\t\t\t<a href=\"https:\/\/12ape.org\/wp2\/wp-content\/uploads\/2021\/01\/NOTA_INFORMATIVA_N_003_AL_2021_PLAZO_M\u00c1XIMO_DE_LA_MEDIDA_DE_SUSPENSI\u00d3N_PERFECTA_DE_LABORES.pdf\" target=\"_blank\">\t\t\t\t\t\t<span class=\"elementor-icon-list-icon\">\n\t\t\t\t\t\t\t<i class=\"fa fa-check\" aria-hidden=\"true\"><\/i>\n\t\t\t\t\t\t<\/span>\n\t\t\t\t\t\t\t\t\t\t<span class=\"elementor-icon-list-text\">NOTA INFORMATIVA N 003 AL 2021 PLAZO M\u00c1XIMO DE LA MEDIDA DE SUSPENSI\u00d3N PERFECTA DE LABORES<\/span>\n\t\t\t\t\t\t\t\t\t\t\t<\/a>\n\t\t\t\t\t\t\t\t\t<\/li>\n\t\t\t\t\t\t\t\t<li class=\"elementor-icon-list-item\" >\n\t\t\t\t\t<a href=\"https:\/\/12ape.org\/wp2\/wp-content\/uploads\/2021\/01\/NOTA_INFORMATIVA_N_002_AL_2021_CRONOGRAMA_DE_OBLIGACIONES_MENSUALES_SUNAT.pdf\" target=\"_blank\">\t\t\t\t\t\t<span class=\"elementor-icon-list-icon\">\n\t\t\t\t\t\t\t<i class=\"fa fa-check\" aria-hidden=\"true\"><\/i>\n\t\t\t\t\t\t<\/span>\n\t\t\t\t\t\t\t\t\t\t<span class=\"elementor-icon-list-text\">NOTA INFORMATIVA N 002 AL 2021 CRONOGRAMA DE OBLIGACIONES MENSUALES SUNAT<\/span>\n\t\t\t\t\t\t\t\t\t\t\t<\/a>\n\t\t\t\t\t\t\t\t\t<\/li>\n\t\t\t\t\t\t\t\t<li class=\"elementor-icon-list-item\" >\n\t\t\t\t\t<a href=\"https:\/\/12ape.org\/wp2\/wp-content\/uploads\/2021\/01\/NOTA_INFORMATIVA_N_001_AL_2021_REQUERIMIENTO_DE_INFORMACION_SOBRE_POLITICA_SALARIAL.pdf\" target=\"_blank\">\t\t\t\t\t\t<span class=\"elementor-icon-list-icon\">\n\t\t\t\t\t\t\t<i class=\"fa fa-check\" aria-hidden=\"true\"><\/i>\n\t\t\t\t\t\t<\/span>\n\t\t\t\t\t\t\t\t\t\t<span class=\"elementor-icon-list-text\">NOTA INFORMATIVA N 001 AL 2021 REQUERIMIENTO DE INFORMACION SOBRE POLITICA SALARIAL<\/span>\n\t\t\t\t\t\t\t\t\t\t\t<\/a>\n\t\t\t\t\t\t\t\t\t<\/li>\n\t\t\t\t\t\t<\/ul>\n\t\t\t\t<\/div>\n\t\t\t\t<\/div>\n\t\t\t\t\t\t<\/div>\n\t\t\t<\/div>\n\t\t<\/div>\n\t\t\t\t<div data-id=\"b35880c\" class=\"elementor-element elementor-element-b35880c elementor-column elementor-col-33 elementor-top-column\" data-element_type=\"column\">\n\t\t\t<div class=\"elementor-column-wrap elementor-element-populated\">\n\t\t\t\t\t<div class=\"elementor-widget-wrap\">\n\t\t\t\t<div data-id=\"603c4fe\" class=\"elementor-element elementor-element-603c4fe elementor-widget elementor-widget-image\" data-element_type=\"image.default\">\n\t\t\t\t<div class=\"elementor-widget-container\">\n\t\t\t\t\t<div class=\"elementor-image\">\n\t\t\t\t\t\t\t\t\t\t<img width=\"630\" height=\"900\" src=\"https:\/\/12ape.org\/wp2\/wp-content\/uploads\/2021\/06\/statue-justice-white-background-vertical-photo-gavel-law-book-foreground-out-focus-34400342.jpg\" class=\"attachment-large size-large\" alt=\"\" decoding=\"async\" loading=\"lazy\" srcset=\"https:\/\/12ape.org\/wp2\/wp-content\/uploads\/2021\/06\/statue-justice-white-background-vertical-photo-gavel-law-book-foreground-out-focus-34400342.jpg 630w, https:\/\/12ape.org\/wp2\/wp-content\/uploads\/2021\/06\/statue-justice-white-background-vertical-photo-gavel-law-book-foreground-out-focus-34400342-210x300.jpg 210w\" sizes=\"(max-width: 630px) 100vw, 630px\" \/>\t\t\t\t\t\t\t\t\t\t\t<\/div>\n\t\t\t\t<\/div>\n\t\t\t\t<\/div>\n\t\t\t\t\t\t<\/div>\n\t\t\t<\/div>\n\t\t<\/div>\n\t\t\t\t\t\t<\/div>\n\t\t\t<\/div>\n\t\t<\/section>\n\t\t\t\t<section data-id=\"46ba055\" class=\"elementor-element elementor-element-46ba055 elementor-section-boxed elementor-section-height-default elementor-section-height-default elementor-section elementor-top-section\" data-element_type=\"section\">\n\t\t\t\t\t\t<div class=\"elementor-container elementor-column-gap-default\">\n\t\t\t\t<div class=\"elementor-row\">\n\t\t\t\t<div data-id=\"973e49a\" class=\"elementor-element elementor-element-973e49a elementor-column elementor-col-100 elementor-top-column\" data-element_type=\"column\">\n\t\t\t<div class=\"elementor-column-wrap\">\n\t\t\t\t\t<div class=\"elementor-widget-wrap\">\n\t\t\t\t\t\t<\/div>\n\t\t\t<\/div>\n\t\t<\/div>\n\t\t\t\t\t\t<\/div>\n\t\t\t<\/div>\n\t\t<\/section>\n\t\t\t\t\t\t<\/div>\n\t\t\t<\/div>\n\t\t<\/div>\n\t\t","protected":false},"excerpt":{"rendered":"<p>ASESOR\u00cdA LEGAL 2021 NOTA INFORMATIVA N\u00ba 098 -AL-2021 TRIBUNAL DE SUNAFIL SE PRONUNCIA SOBRE LA LICENCIA CON GOCE DE HABER ES COMPENSABLE CON LA LIQUIDACI\u00d3N. NOTA INFORMATIVA N\u00ba 097 -AL-2021 EL INDECOPI SANCIONA A UNA ASOCIACI\u00d3N POR HABER QUEDADO ACREDITADO QUE NO ADOPT\u00d3 LAS MEDIDAS EX POST INMEDIATAS, FRENTE AL PRESUNTO MALTRATO F\u00cdSICO Y PSICOL\u00d3GICO [&hellip;]<\/p>\n","protected":false},"author":1,"featured_media":0,"parent":0,"menu_order":0,"comment_status":"closed","ping_status":"closed","template":"page-fullwidth.php","meta":[],"_links":{"self":[{"href":"https:\/\/12ape.org\/wp2\/wp-json\/wp\/v2\/pages\/2716"}],"collection":[{"href":"https:\/\/12ape.org\/wp2\/wp-json\/wp\/v2\/pages"}],"about":[{"href":"https:\/\/12ape.org\/wp2\/wp-json\/wp\/v2\/types\/page"}],"author":[{"embeddable":true,"href":"https:\/\/12ape.org\/wp2\/wp-json\/wp\/v2\/users\/1"}],"replies":[{"embeddable":true,"href":"https:\/\/12ape.org\/wp2\/wp-json\/wp\/v2\/comments?post=2716"}],"version-history":[{"count":30,"href":"https:\/\/12ape.org\/wp2\/wp-json\/wp\/v2\/pages\/2716\/revisions"}],"predecessor-version":[{"id":3363,"href":"https:\/\/12ape.org\/wp2\/wp-json\/wp\/v2\/pages\/2716\/revisions\/3363"}],"wp:attachment":[{"href":"https:\/\/12ape.org\/wp2\/wp-json\/wp\/v2\/media?parent=2716"}],"curies":[{"name":"wp","href":"https:\/\/api.w.org\/{rel}","templated":true}]}}